{"id":3444,"date":"2023-05-05T13:23:59","date_gmt":"2023-05-05T11:23:59","guid":{"rendered":"https:\/\/www.campinglapinede-banyuls.com\/unsere-vermietungen\/mobilheim-2-schlafzimmer\/"},"modified":"2023-11-27T14:11:17","modified_gmt":"2023-11-27T13:11:17","slug":"mobilheim-2-schlafzimmer","status":"publish","type":"page","link":"https:\/\/www.campinglapinede-banyuls.com\/de\/unsere-vermietungen\/mobilheim-2-schlafzimmer\/","title":{"rendered":"MOBILHEIM 2 SCHLAFZIMMER"},"content":{"rendered":"\n<div class=\"wp-block-cover alignfull oh\" style=\"margin-top:0;margin-bottom:0;min-height:80vh;aspect-ratio:unset;\"><span aria-hidden=\"true\" class=\"wp-block-cover__background has-background-dim wp-block-cover__gradient-background has-background-gradient\" style=\"background:linear-gradient(180deg,rgb(0,0,0) 0%,rgba(255,255,255,0) 100%)\"><\/span><img decoding=\"async\" width=\"2048\" height=\"1365\" class=\"wp-block-cover__image-background wp-image-3587 lazyload\" alt=\"\" data-src=\"https:\/\/www.campinglapinede-banyuls.com\/wp-content\/uploads\/16-img-5659.jpg\" data-object-fit=\"cover\" data-srcset=\"https:\/\/www.campinglapinede-banyuls.com\/wp-content\/uploads\/16-img-5659.jpg 2048w, https:\/\/www.campinglapinede-banyuls.com\/wp-content\/smush-webp\/16-img-5659-1024x683.jpg.webp 1024w, https:\/\/www.campinglapinede-banyuls.com\/wp-content\/smush-webp\/16-img-5659-768x512.jpg.webp 768w, https:\/\/www.campinglapinede-banyuls.com\/wp-content\/smush-webp\/16-img-5659-1536x1024.jpg.webp 1536w, https:\/\/www.campinglapinede-banyuls.com\/wp-content\/smush-webp\/16-img-5659-512x341.jpg.webp 512w, https:\/\/www.campinglapinede-banyuls.com\/wp-content\/smush-webp\/16-img-5659-256x171.jpg.webp 256w\" data-sizes=\"(max-width: 2048px) 100vw, 2048px\" src=\"data:image\/svg+xml;base64,PHN2ZyB3aWR0aD0iMSIgaGVpZ2h0PSIxIiB4bWxucz0iaHR0cDovL3d3dy53My5vcmcvMjAwMC9zdmciPjwvc3ZnPg==\" style=\"--smush-placeholder-width: 2048px; --smush-placeholder-aspect-ratio: 2048\/1365;\" \/><div class=\"wp-block-cover__inner-container is-layout-flow wp-block-cover-is-layout-flow\">\n<p class=\"has-text-align-center has-large-font-size\"><\/p>\n<\/div><\/div>\n\n\n\n\n\n<div class=\"wp-block-group alignfull formulaire-container is-layout-constrained wp-block-group-is-layout-constrained\" style=\"margin-bottom:0\">\n<div class=\"wp-block-group alignwide is-layout-constrained wp-block-group-is-layout-constrained\" style=\"margin-bottom:0\">\n<div class=\"wp-block-group alignwide formulaire-thr is-layout-constrained wp-block-group-is-layout-constrained\">\n<div class=\"wp-block-group alignwide formulaire-thr-container has-theme-white-background-color has-background is-layout-flow wp-block-group-is-layout-flow\" style=\"border-radius:10px;padding-top:var(--wp--preset--spacing--60);padding-right:var(--wp--preset--spacing--50);padding-bottom:var(--wp--preset--spacing--60);padding-left:var(--wp--preset--spacing--50)\"><section class=\"formulaire-de-recherche-bar\">\r\n            <div id=\"expand-thelis-formulaire\">Reserver<\/div>\r\n            <div class=\"container-form\"><thr-search-engine><\/thr-search-engine><a id=\"pay-btn-2\" onclick=\"window.open('https:\/\/thelisresa.webcamp.fr\/cart-directPayment.php?camping=pinedeba&amp;lang=de');\"><i><\/i>Ihren Aufenthalt<\/a>\r\n            <style>\r\n            \r\n            .thr-search-engine .thr-search-engine-main > .thr-btn-search { max-width: 20% !important; }\r\n            .thr .btn i { margin-right: 0 !important; }\r\n            #pay-btn-2 { \r\n                position: absolute;\r\n                right: 0;top: 0;\r\n                margin: 10px;\r\n                border: 0;\r\n                background-color: ;\r\n                color: ;\r\n                cursor: pointer;\r\n                width: calc(17% - 5px);\r\n                padding: 17px 0;\r\n                font-size: 18px;\r\n                font-weight: bold;\r\n                text-transform: auto;\r\n                transition: all .35s;\r\n                display: flex;justify-content: center;\r\n                align-items: center;\r\n            }\r\n        \r\n            #pay-btn-2:hover { background-color: ; }\r\n            .thr-search-engine { width: 83%; }\r\n\r\n            @media screen and (max-width: 1200px) {\r\n                #pay-btn-2 { top: 52px; }\r\n                .thr-search-engine .thr-search-engine-main > .thr-btn-search { max-width: inherit !important; }\r\n            }\r\n            @media screen and (max-width: 990px) {\r\n                .thr-search-engine { width: 100%; }\r\n                #pay-btn-2 { position: relative;width: calc(100% - 20px);top: auto;margin-top: 0; }\r\n            }\r\n\r\n            thr-search-engine { border-right: 200px rgba(0,0,0,0) solid;display: block; }\r\n            @media screen and (max-width: 1200px) {\r\n                thr-search-engine { border-right: inherit;display: inherit; }\r\n            }\r\n            <\/style>\r\n            <\/div><\/section><!-- .formulaire-de-recherche-bar --><style>\r\n        #expand-thelis-formulaire { display: none; }\r\n        @media screen and (max-width: 1200px) {\r\n            #expand-thelis-formulaire { display: block; }\r\n            .formulaire-de-recherche-bar .container-form { display: none; }\r\n        }\r\n    <\/style><script>\r\n    jQuery(document).ready(function($){\r\n        jQuery('#expand-thelis-formulaire').click(function(){\r\n            if(\r\n                jQuery('.formulaire-de-recherche-bar .container-form').css('display') == 'none'\r\n            ){\r\n                jQuery('.formulaire-de-recherche-bar .container-form').css('display', 'block');\r\n                jQuery('#expand-thelis-formulaire').addClass('expanded');\r\n            }else{\r\n                jQuery('.formulaire-de-recherche-bar .container-form').css('display', 'none');\r\n                jQuery('#expand-thelis-formulaire').removeClass('expanded');\r\n            }\r\n        });\r\n    });\r\n    <\/script>\n<\/div>\n<\/div>\n<\/div>\n<\/div>\n\n\n\n<div class=\"wp-block-group alignwide has-animation is-layout-constrained wp-block-group-is-layout-constrained\" style=\"margin-top:var(--wp--preset--spacing--80);margin-bottom:var(--wp--preset--spacing--60);padding-top:var(--wp--preset--spacing--60)\">\n<h1 class=\"wp-block-heading alignwide has-text-align-center animation--top animation--init--once\">ENTDECKEN SIE UNSERE MIETUNTERK\u00dcNFTE<br><mark style=\"background-color:rgba(0, 0, 0, 0)\" class=\"has-inline-color has-theme-blue-color\">MOBILHEIM 2 SCHLAFZIMMER<\/mark><\/h1>\n\n\n\n<figure class=\"wp-block-image aligncenter size-large is-resized\"><img decoding=\"async\" width=\"1521\" height=\"236\" data-src=\"https:\/\/www.campinglapinede-banyuls.com\/wp-content\/uploads\/trazo-titulos-cut-01-1.svg\" alt=\"\" class=\"wp-image-1169 lazyload\" style=\"--smush-placeholder-width: 1521px; --smush-placeholder-aspect-ratio: 1521\/236;width:150px\" src=\"data:image\/svg+xml;base64,PHN2ZyB3aWR0aD0iMSIgaGVpZ2h0PSIxIiB4bWxucz0iaHR0cDovL3d3dy53My5vcmcvMjAwMC9zdmciPjwvc3ZnPg==\" \/><\/figure>\n\n\n\n<div class=\"wp-block-group alignwide is-layout-constrained wp-block-group-is-layout-constrained\" style=\"margin-top:var(--wp--preset--spacing--80);margin-bottom:0\">\n<p class=\"has-text-align-center animation--top animation--init--once titre-p-h\"><strong>ENTDECKEN SIE UNSERE MOBILHEIME MIT 2 SCHLAFZIMMERN F\u00dcR 4 BIS 6 PERSONEN.<\/strong><\/p>\n\n\n\n<p><\/p>\n\n\n\n<ul class=\"wp-block-list\">\n<li>Schlafzimmer 1 : 1 Doppelbett<\/li>\n\n\n\n<li>Schlafzimmer 2 : 2 Einzelbetten<\/li>\n\n\n\n<li>1 Schlafsofa im Wohnzimmer f\u00fcr 2 Personen<\/li>\n<\/ul>\n\n\n\n<p>Unsere Zimmer sind mit Kopfkissen und Bettdecken ausgestattet, die Bettw\u00e4sche wird nicht gestellt<\/p>\n\n\n\n<p><\/p>\n\n\n\n<ul class=\"wp-block-list\">\n<li>1 Bad<\/li>\n<\/ul>\n\n\n\n<p>Handt\u00fccher und Badematte werden nicht gestellt<\/p>\n\n\n\n<p><\/p>\n\n\n\n<ul class=\"wp-block-list\">\n<li>1 wc<\/li>\n<\/ul>\n\n\n\n<p>Toilettenpapier wird nicht gestellt<\/p>\n\n\n\n<p><\/p>\n\n\n\n<ul class=\"wp-block-list\">\n<li>1 ausgestattete K\u00fcche (Mikrowelle, Kaffeemaschine, Gasherd, K\u00fchlschrank mit Gefrierfach und Geschirr)<\/li>\n\n\n\n<li>1 Terrasse mit Gartenm\u00f6beln<\/li>\n<\/ul>\n\n\n\n<p><\/p>\n<\/div>\n<\/div>\n\n\n        <div class=\"wp-block-custom-grid alignwide has-text-align-center block-grid-responsive\" style=\" --wp--style--block-desktop-column:7;--wp--style--block-tablet-column:4;--wp--style--block-mobile-column:2;\">\n\n                <div class=\"acf-innerblocks-container\">\n\n<div class=\"wp-block-group is-vertical is-content-justification-center is-layout-flex wp-container-core-group-is-layout-7 wp-block-group-is-layout-flex\">\n<figure class=\"wp-block-image aligncenter size-full animation--left animation--init--once\"><img decoding=\"async\" width=\"87\" height=\"91\" data-src=\"https:\/\/www.campinglapinede-banyuls.com\/wp-content\/uploads\/personnes.png\" alt=\"\" class=\"wp-image-1280 lazyload\" src=\"data:image\/svg+xml;base64,PHN2ZyB3aWR0aD0iMSIgaGVpZ2h0PSIxIiB4bWxucz0iaHR0cDovL3d3dy53My5vcmcvMjAwMC9zdmciPjwvc3ZnPg==\" style=\"--smush-placeholder-width: 87px; --smush-placeholder-aspect-ratio: 87\/91;\" \/><\/figure>\n\n\n\n<p class=\"has-text-align-center animation--left animation--init--once\"><strong>6 PERSONEN<\/strong><\/p>\n<\/div>\n\n\n\n<div class=\"wp-block-group is-vertical is-content-justification-center is-layout-flex wp-container-core-group-is-layout-8 wp-block-group-is-layout-flex\">\n<figure class=\"wp-block-image aligncenter size-full animation--left animation--init--once\"><img decoding=\"async\" width=\"87\" height=\"91\" data-src=\"https:\/\/www.campinglapinede-banyuls.com\/wp-content\/uploads\/surface.png\" alt=\"\" class=\"wp-image-1282 lazyload\" src=\"data:image\/svg+xml;base64,PHN2ZyB3aWR0aD0iMSIgaGVpZ2h0PSIxIiB4bWxucz0iaHR0cDovL3d3dy53My5vcmcvMjAwMC9zdmciPjwvc3ZnPg==\" style=\"--smush-placeholder-width: 87px; --smush-placeholder-aspect-ratio: 87\/91;\" \/><\/figure>\n\n\n\n<p class=\"has-text-align-center animation--left animation--init--once\"><strong>FL\u00c4CHE<\/strong> <strong>29 M<\/strong>\u00b2<\/p>\n<\/div>\n\n\n\n<div class=\"wp-block-group is-vertical is-content-justification-center is-layout-flex wp-container-core-group-is-layout-9 wp-block-group-is-layout-flex\">\n<figure class=\"wp-block-image aligncenter size-full animation--left animation--init--once\"><img decoding=\"async\" width=\"87\" height=\"91\" data-src=\"https:\/\/www.campinglapinede-banyuls.com\/wp-content\/uploads\/chambre.png\" alt=\"\" class=\"wp-image-1284 lazyload\" src=\"data:image\/svg+xml;base64,PHN2ZyB3aWR0aD0iMSIgaGVpZ2h0PSIxIiB4bWxucz0iaHR0cDovL3d3dy53My5vcmcvMjAwMC9zdmciPjwvc3ZnPg==\" style=\"--smush-placeholder-width: 87px; --smush-placeholder-aspect-ratio: 87\/91;\" \/><\/figure>\n\n\n\n<p class=\"has-text-align-center animation--left animation--init--once\"><strong>2 SCHLAFZIMMER<\/strong><\/p>\n<\/div>\n\n\n\n<div class=\"wp-block-group is-vertical is-content-justification-center is-layout-flex wp-container-core-group-is-layout-10 wp-block-group-is-layout-flex\">\n<figure class=\"wp-block-image aligncenter size-full animation--left animation--init--once\"><img decoding=\"async\" width=\"87\" height=\"91\" data-src=\"https:\/\/www.campinglapinede-banyuls.com\/wp-content\/uploads\/lit.png\" alt=\"\" class=\"wp-image-1286 lazyload\" src=\"data:image\/svg+xml;base64,PHN2ZyB3aWR0aD0iMSIgaGVpZ2h0PSIxIiB4bWxucz0iaHR0cDovL3d3dy53My5vcmcvMjAwMC9zdmciPjwvc3ZnPg==\" style=\"--smush-placeholder-width: 87px; --smush-placeholder-aspect-ratio: 87\/91;\" \/><\/figure>\n\n\n\n<p class=\"has-text-align-center animation--left animation--init--once\"><strong>1 BETT<\/strong><br><strong>ZU 140 CM<\/strong><\/p>\n<\/div>\n\n\n\n<div class=\"wp-block-group is-vertical is-content-justification-center is-layout-flex wp-container-core-group-is-layout-11 wp-block-group-is-layout-flex\">\n<figure class=\"wp-block-image aligncenter size-full animation--left animation--init--once\"><img decoding=\"async\" width=\"87\" height=\"91\" data-src=\"https:\/\/www.campinglapinede-banyuls.com\/wp-content\/uploads\/petit-lit.png\" alt=\"\" class=\"wp-image-1288 lazyload\" src=\"data:image\/svg+xml;base64,PHN2ZyB3aWR0aD0iMSIgaGVpZ2h0PSIxIiB4bWxucz0iaHR0cDovL3d3dy53My5vcmcvMjAwMC9zdmciPjwvc3ZnPg==\" style=\"--smush-placeholder-width: 87px; --smush-placeholder-aspect-ratio: 87\/91;\" \/><\/figure>\n\n\n\n<p class=\"has-text-align-center animation--left animation--init--once\"><strong>2 BETTEN<\/strong><br><strong>ZU 90 CM<\/strong><\/p>\n<\/div>\n\n\n\n<div class=\"wp-block-group is-vertical is-content-justification-center is-layout-flex wp-container-core-group-is-layout-12 wp-block-group-is-layout-flex\">\n<figure class=\"wp-block-image aligncenter size-full animation--left animation--init--once\"><img decoding=\"async\" width=\"87\" height=\"91\" data-src=\"https:\/\/www.campinglapinede-banyuls.com\/wp-content\/uploads\/refiregerateur.png\" alt=\"\" class=\"wp-image-1290 lazyload\" src=\"data:image\/svg+xml;base64,PHN2ZyB3aWR0aD0iMSIgaGVpZ2h0PSIxIiB4bWxucz0iaHR0cDovL3d3dy53My5vcmcvMjAwMC9zdmciPjwvc3ZnPg==\" style=\"--smush-placeholder-width: 87px; --smush-placeholder-aspect-ratio: 87\/91;\" \/><\/figure>\n\n\n\n<p class=\"has-text-align-center animation--left animation--init--once\"><strong>K\u00dcHLSCHRANK UND GEFRIERSCHRANK<\/strong><\/p>\n<\/div>\n\n\n\n<div class=\"wp-block-group is-vertical is-content-justification-center is-layout-flex wp-container-core-group-is-layout-13 wp-block-group-is-layout-flex\">\n<figure class=\"wp-block-image aligncenter size-full animation--left animation--init--once\"><img decoding=\"async\" width=\"87\" height=\"91\" data-src=\"https:\/\/www.campinglapinede-banyuls.com\/wp-content\/uploads\/microondes.png\" alt=\"\" class=\"wp-image-1292 lazyload\" src=\"data:image\/svg+xml;base64,PHN2ZyB3aWR0aD0iMSIgaGVpZ2h0PSIxIiB4bWxucz0iaHR0cDovL3d3dy53My5vcmcvMjAwMC9zdmciPjwvc3ZnPg==\" style=\"--smush-placeholder-width: 87px; --smush-placeholder-aspect-ratio: 87\/91;\" \/><\/figure>\n\n\n\n<p class=\"has-text-align-center animation--left animation--init--once\"><strong>MIKROWELLE<\/strong><\/p>\n<\/div>\n\n\n\n<div class=\"wp-block-group is-vertical is-content-justification-center is-layout-flex wp-container-core-group-is-layout-14 wp-block-group-is-layout-flex\">\n<figure class=\"wp-block-image aligncenter size-full animation--left animation--init--once\"><img decoding=\"async\" width=\"87\" height=\"91\" data-src=\"https:\/\/www.campinglapinede-banyuls.com\/wp-content\/uploads\/clim.png\" alt=\"\" class=\"wp-image-1294 lazyload\" src=\"data:image\/svg+xml;base64,PHN2ZyB3aWR0aD0iMSIgaGVpZ2h0PSIxIiB4bWxucz0iaHR0cDovL3d3dy53My5vcmcvMjAwMC9zdmciPjwvc3ZnPg==\" style=\"--smush-placeholder-width: 87px; --smush-placeholder-aspect-ratio: 87\/91;\" \/><\/figure>\n\n\n\n<p class=\"has-text-align-center animation--left animation--init--once\"><strong>EINSTELLBARE KLIMAANLAGE<\/strong><\/p>\n<\/div>\n\n\n\n<div class=\"wp-block-group is-vertical is-content-justification-center is-layout-flex wp-container-core-group-is-layout-15 wp-block-group-is-layout-flex\">\n<figure class=\"wp-block-image aligncenter size-full animation--left animation--init--once\"><img decoding=\"async\" width=\"87\" height=\"91\" data-src=\"https:\/\/www.campinglapinede-banyuls.com\/wp-content\/uploads\/cafetiere.png\" alt=\"\" class=\"wp-image-1296 lazyload\" src=\"data:image\/svg+xml;base64,PHN2ZyB3aWR0aD0iMSIgaGVpZ2h0PSIxIiB4bWxucz0iaHR0cDovL3d3dy53My5vcmcvMjAwMC9zdmciPjwvc3ZnPg==\" style=\"--smush-placeholder-width: 87px; --smush-placeholder-aspect-ratio: 87\/91;\" \/><\/figure>\n\n\n\n<p class=\"has-text-align-center animation--left animation--init--once\"><strong>FILTERKAFFEEMASCHINE<\/strong><\/p>\n<\/div>\n\n\n\n<div class=\"wp-block-group is-vertical is-content-justification-center is-layout-flex wp-container-core-group-is-layout-16 wp-block-group-is-layout-flex\">\n<figure class=\"wp-block-image aligncenter size-full animation--left animation--init--once\"><img decoding=\"async\" width=\"87\" height=\"91\" data-src=\"https:\/\/www.campinglapinede-banyuls.com\/wp-content\/uploads\/linge.png\" alt=\"\" class=\"wp-image-1298 lazyload\" src=\"data:image\/svg+xml;base64,PHN2ZyB3aWR0aD0iMSIgaGVpZ2h0PSIxIiB4bWxucz0iaHR0cDovL3d3dy53My5vcmcvMjAwMC9zdmciPjwvc3ZnPg==\" style=\"--smush-placeholder-width: 87px; --smush-placeholder-aspect-ratio: 87\/91;\" \/><\/figure>\n\n\n\n<p class=\"has-text-align-center animation--left animation--init--once\"><strong>BETTW\u00c4SCHE WIRD NICHT GESTELLT <br>NICHT GESTELLT<\/strong><\/p>\n<\/div>\n\n\n\n<div class=\"wp-block-group is-vertical is-content-justification-center is-layout-flex wp-container-core-group-is-layout-17 wp-block-group-is-layout-flex\">\n<figure class=\"wp-block-image aligncenter size-full animation--left animation--init--once\"><img decoding=\"async\" width=\"87\" height=\"91\" data-src=\"https:\/\/www.campinglapinede-banyuls.com\/wp-content\/uploads\/terraza-1.png\" alt=\"\" class=\"wp-image-2346 lazyload\" src=\"data:image\/svg+xml;base64,PHN2ZyB3aWR0aD0iMSIgaGVpZ2h0PSIxIiB4bWxucz0iaHR0cDovL3d3dy53My5vcmcvMjAwMC9zdmciPjwvc3ZnPg==\" style=\"--smush-placeholder-width: 87px; --smush-placeholder-aspect-ratio: 87\/91;\" \/><\/figure>\n\n\n\n<p class=\"has-text-align-center animation--left animation--init--once\"><strong>TERRASSE MIT GARTENM\u00d6BELN<\/strong><\/p>\n<\/div>\n\n\n\n<div class=\"wp-block-group is-vertical is-content-justification-center is-layout-flex wp-container-core-group-is-layout-18 wp-block-group-is-layout-flex\">\n<figure class=\"wp-block-image aligncenter size-full animation--left animation--init--once\"><img decoding=\"async\" width=\"87\" height=\"91\" data-src=\"https:\/\/www.campinglapinede-banyuls.com\/wp-content\/uploads\/tv.png\" alt=\"\" class=\"wp-image-3041 lazyload\" src=\"data:image\/svg+xml;base64,PHN2ZyB3aWR0aD0iMSIgaGVpZ2h0PSIxIiB4bWxucz0iaHR0cDovL3d3dy53My5vcmcvMjAwMC9zdmciPjwvc3ZnPg==\" style=\"--smush-placeholder-width: 87px; --smush-placeholder-aspect-ratio: 87\/91;\" \/><\/figure>\n\n\n\n<p class=\"has-text-align-center animation--left animation--init--once\"><strong>TV<\/strong><\/p>\n<\/div>\n\n\n\n<div class=\"wp-block-group is-vertical is-content-justification-center is-layout-flex wp-container-core-group-is-layout-19 wp-block-group-is-layout-flex\">\n<figure class=\"wp-block-image aligncenter size-full animation--left animation--init--once\"><img decoding=\"async\" width=\"87\" height=\"91\" data-src=\"https:\/\/www.campinglapinede-banyuls.com\/wp-content\/uploads\/bed-couch.png\" alt=\"\" class=\"wp-image-3046 lazyload\" src=\"data:image\/svg+xml;base64,PHN2ZyB3aWR0aD0iMSIgaGVpZ2h0PSIxIiB4bWxucz0iaHR0cDovL3d3dy53My5vcmcvMjAwMC9zdmciPjwvc3ZnPg==\" style=\"--smush-placeholder-width: 87px; --smush-placeholder-aspect-ratio: 87\/91;\" \/><\/figure>\n\n\n\n<p class=\"has-text-align-center animation--left animation--init--once\"><strong>SCHLAFSOFA 2 PERS<\/strong><\/p>\n<\/div>\n\n<\/div>\n<\/div>\n\n\n<div class=\"wp-block-buttons animation--top animation--init--once is-content-justification-center is-layout-flex wp-container-core-buttons-is-layout-1 wp-block-buttons-is-layout-flex\">\n<div class=\"wp-block-button button-bleu\"><a class=\"wp-block-button__link wp-element-button\" href=\"https:\/\/www.campinglapinede-banyuls.com\/wp-content\/uploads\/pdf\/CGV.pdf\" style=\"border-radius:50px\" target=\"_blank\" rel=\"noreferrer noopener\">LADEN SIE DIE GESCH\u00c4FTSBEDINGUNGEN HERUNTER<\/a><\/div>\n\n\n\n<div class=\"wp-block-button button-bleu\"><a class=\"wp-block-button__link wp-element-button\" href=\"https:\/\/www.campinglapinede-banyuls.com\/wp-content\/uploads\/inventaire-mh-2024-allemand.pdf\" style=\"border-radius:50px\" target=\"_blank\" rel=\"noreferrer noopener\">Inventar HERUNTERLADEN<\/a><\/div>\n<\/div>\n\n\n\n<div class=\"wp-block-group alignfull carousel-margin oh is-layout-flow wp-block-group-is-layout-flow\" style=\"padding-top:var(--wp--preset--spacing--60);padding-right:0;padding-bottom:var(--wp--preset--spacing--80);padding-left:0\">\n<div class=\"wp-image-slider gallery-slider-loc has-text-align-left aspect-ratio-4_3\">\n\n                                        \n                    <script>\n                        'use strict';\n\n                        document.addEventListener('DOMContentLoaded', function () {\n\n                            (function() {\n                                const blockSlide = new Splide( '#slide_425', {\n                                    type : 'loop',\n                                    perPage: 3,\n                                                                        \n                                    breakpoints: {\n                                        800: {\n                                            perPage: 3,\n                                                                                    },\n                                        450: {\n                                            perPage: 1,\n                                            \n                                        },\n                                    },\n                                    pagination: false,\n                                    arrows: true,\n                                    gap: 'var(--wp--style--block-gap)',\n                                    i18n: {\n                                        slideLabel: '0%s \/ 0%s',\n                                    }\n                                } );\n                                \n\n                                \n                                blockSlide.mount();\n                                                                \n\n                            })();\n                        })\n                    <\/script>\n\n                    <div class=\"slider-container\"><div class=\"splide galeria-slider galeria-columnas-3\" id=\"slide_425\"><div class=\"splide__track\"><div class=\"splide__list\"><a href=\"https:\/\/www.campinglapinede-banyuls.com\/wp-content\/uploads\/riviera-suite-ch-parents-2022jpg-800px-300x241-3.jpg\" id=\"thumb-3363\" class=\"splide__slide image-link\" data-gallery=\"slide_425\"  data-counter=\"01\/04\" alt=\" \" class=\"image-link\"><div class=\"image-wrapper\"><img decoding=\"async\" width=\"300\" height=\"241\" data-src=\"https:\/\/www.campinglapinede-banyuls.com\/wp-content\/uploads\/riviera-suite-ch-parents-2022jpg-800px-300x241-3.jpg\" class=\"attachment-gallery-large size-gallery-large lazyload\" alt=\"\" data-srcset=\"https:\/\/www.campinglapinede-banyuls.com\/wp-content\/uploads\/riviera-suite-ch-parents-2022jpg-800px-300x241-3.jpg 300w, https:\/\/www.campinglapinede-banyuls.com\/wp-content\/smush-webp\/riviera-suite-ch-parents-2022jpg-800px-300x241-3-256x206.jpg.webp 256w\" data-sizes=\"(max-width: 300px) 100vw, 300px\" src=\"data:image\/svg+xml;base64,PHN2ZyB3aWR0aD0iMSIgaGVpZ2h0PSIxIiB4bWxucz0iaHR0cDovL3d3dy53My5vcmcvMjAwMC9zdmciPjwvc3ZnPg==\" style=\"--smush-placeholder-width: 300px; --smush-placeholder-aspect-ratio: 300\/241;\" \/><\/div><\/a><a href=\"https:\/\/www.campinglapinede-banyuls.com\/wp-content\/uploads\/img-2254.jpg\" id=\"thumb-3391\" class=\"splide__slide image-link\" data-gallery=\"slide_425\"  data-counter=\"02\/04\" alt=\" \" class=\"image-link\"><div class=\"image-wrapper\"><img decoding=\"async\" width=\"1536\" height=\"1152\" data-src=\"https:\/\/www.campinglapinede-banyuls.com\/wp-content\/smush-webp\/img-2254-1536x1152.jpg.webp\" class=\"attachment-gallery-large size-gallery-large lazyload\" alt=\"\" data-srcset=\"https:\/\/www.campinglapinede-banyuls.com\/wp-content\/smush-webp\/img-2254-1536x1152.jpg.webp 1536w, https:\/\/www.campinglapinede-banyuls.com\/wp-content\/smush-webp\/img-2254-1024x768.jpg.webp 1024w, https:\/\/www.campinglapinede-banyuls.com\/wp-content\/smush-webp\/img-2254-768x576.jpg.webp 768w, https:\/\/www.campinglapinede-banyuls.com\/wp-content\/smush-webp\/img-2254-512x384.jpg.webp 512w, https:\/\/www.campinglapinede-banyuls.com\/wp-content\/smush-webp\/img-2254-256x192.jpg.webp 256w, https:\/\/www.campinglapinede-banyuls.com\/wp-content\/uploads\/img-2254.jpg 2048w\" data-sizes=\"(max-width: 1536px) 100vw, 1536px\" src=\"data:image\/svg+xml;base64,PHN2ZyB3aWR0aD0iMSIgaGVpZ2h0PSIxIiB4bWxucz0iaHR0cDovL3d3dy53My5vcmcvMjAwMC9zdmciPjwvc3ZnPg==\" style=\"--smush-placeholder-width: 1536px; --smush-placeholder-aspect-ratio: 1536\/1152;\" \/><\/div><\/a><a href=\"https:\/\/www.campinglapinede-banyuls.com\/wp-content\/uploads\/camping-16-05-14-35.jpg\" id=\"thumb-3350\" class=\"splide__slide image-link\" data-gallery=\"slide_425\"  data-counter=\"03\/04\" alt=\" \" class=\"image-link\"><div class=\"image-wrapper\"><img decoding=\"async\" width=\"1536\" height=\"1024\" data-src=\"https:\/\/www.campinglapinede-banyuls.com\/wp-content\/smush-webp\/camping-16-05-14-35-1536x1024.jpg.webp\" class=\"attachment-gallery-large size-gallery-large lazyload\" alt=\"\" data-srcset=\"https:\/\/www.campinglapinede-banyuls.com\/wp-content\/smush-webp\/camping-16-05-14-35-1536x1024.jpg.webp 1536w, https:\/\/www.campinglapinede-banyuls.com\/wp-content\/smush-webp\/camping-16-05-14-35-1024x683.jpg.webp 1024w, https:\/\/www.campinglapinede-banyuls.com\/wp-content\/smush-webp\/camping-16-05-14-35-768x512.jpg.webp 768w, https:\/\/www.campinglapinede-banyuls.com\/wp-content\/smush-webp\/camping-16-05-14-35-512x341.jpg.webp 512w, https:\/\/www.campinglapinede-banyuls.com\/wp-content\/smush-webp\/camping-16-05-14-35-256x171.jpg.webp 256w, https:\/\/www.campinglapinede-banyuls.com\/wp-content\/uploads\/camping-16-05-14-35.jpg 2048w\" data-sizes=\"(max-width: 1536px) 100vw, 1536px\" src=\"data:image\/svg+xml;base64,PHN2ZyB3aWR0aD0iMSIgaGVpZ2h0PSIxIiB4bWxucz0iaHR0cDovL3d3dy53My5vcmcvMjAwMC9zdmciPjwvc3ZnPg==\" style=\"--smush-placeholder-width: 1536px; --smush-placeholder-aspect-ratio: 1536\/1024;\" \/><\/div><\/a><a href=\"https:\/\/www.campinglapinede-banyuls.com\/wp-content\/uploads\/camping-16-05-14-43-1.jpg\" id=\"thumb-3355\" class=\"splide__slide image-link\" data-gallery=\"slide_425\"  data-counter=\"04\/04\" alt=\" \" class=\"image-link\"><div class=\"image-wrapper\"><img decoding=\"async\" width=\"1536\" height=\"1024\" data-src=\"https:\/\/www.campinglapinede-banyuls.com\/wp-content\/smush-webp\/camping-16-05-14-43-1-1536x1024.jpg.webp\" class=\"attachment-gallery-large size-gallery-large lazyload\" alt=\"\" data-srcset=\"https:\/\/www.campinglapinede-banyuls.com\/wp-content\/smush-webp\/camping-16-05-14-43-1-1536x1024.jpg.webp 1536w, https:\/\/www.campinglapinede-banyuls.com\/wp-content\/smush-webp\/camping-16-05-14-43-1-1024x683.jpg.webp 1024w, https:\/\/www.campinglapinede-banyuls.com\/wp-content\/smush-webp\/camping-16-05-14-43-1-768x512.jpg.webp 768w, https:\/\/www.campinglapinede-banyuls.com\/wp-content\/smush-webp\/camping-16-05-14-43-1-512x341.jpg.webp 512w, https:\/\/www.campinglapinede-banyuls.com\/wp-content\/smush-webp\/camping-16-05-14-43-1-256x171.jpg.webp 256w, https:\/\/www.campinglapinede-banyuls.com\/wp-content\/uploads\/camping-16-05-14-43-1.jpg 2048w\" data-sizes=\"(max-width: 1536px) 100vw, 1536px\" src=\"data:image\/svg+xml;base64,PHN2ZyB3aWR0aD0iMSIgaGVpZ2h0PSIxIiB4bWxucz0iaHR0cDovL3d3dy53My5vcmcvMjAwMC9zdmciPjwvc3ZnPg==\" style=\"--smush-placeholder-width: 1536px; --smush-placeholder-aspect-ratio: 1536\/1024;\" \/><\/div><\/a><\/div><\/div><\/div><\/div>\n                    \n<\/div><\/div>\n\n\n\n<figure class=\"wp-block-image alignfull size-large wave wp-duotone-e7f7fc-fff-2\"><img decoding=\"async\" data-src=\"https:\/\/www.campinglapinede-banyuls.com\/wp-content\/uploads\/olas.svg\" alt=\"\" class=\"wp-image-965 lazyload\" src=\"data:image\/svg+xml;base64,PHN2ZyB3aWR0aD0iMSIgaGVpZ2h0PSIxIiB4bWxucz0iaHR0cDovL3d3dy53My5vcmcvMjAwMC9zdmciPjwvc3ZnPg==\" \/><\/figure>\n\n\n\n<div class=\"wp-block-group alignfull simpleblock has-animation oh has-theme-blue-light-background-color has-background is-layout-constrained wp-block-group-is-layout-constrained\" style=\"padding-bottom:var(--wp--preset--spacing--80)\">\n<h2 class=\"wp-block-heading has-text-align-center animation--top animation--init--once\">PREISE UND VERF\u00dcGBARKEIT<\/h2>\n\n\n\n<figure class=\"wp-block-image aligncenter size-large is-resized animation--top animation--init--once\"><img decoding=\"async\" width=\"1521\" height=\"236\" data-src=\"https:\/\/www.campinglapinede-banyuls.com\/wp-content\/uploads\/trazo-titulos-cut-01-1.svg\" alt=\"\" class=\"wp-image-1169 lazyload\" style=\"--smush-placeholder-width: 1521px; --smush-placeholder-aspect-ratio: 1521\/236;width:150px\" src=\"data:image\/svg+xml;base64,PHN2ZyB3aWR0aD0iMSIgaGVpZ2h0PSIxIiB4bWxucz0iaHR0cDovL3d3dy53My5vcmcvMjAwMC9zdmciPjwvc3ZnPg==\" \/><\/figure>\n\n\n\n<div class=\"wp-block-group alignwide is-layout-constrained wp-block-group-is-layout-constrained\" id=\"simpleblock\" style=\"margin-top:var(--wp--preset--spacing--80)\"><thr-simpleblock categories=\"[19]\" search-type=\"1\" show-picture=\"true\"><\/thr-simpleblock>\n<\/div>\n<\/div>\n\n\n\n<figure class=\"wp-block-image alignfull size-large wave wp-duotone-e7f7fc-fff-3\"><img decoding=\"async\" data-src=\"https:\/\/www.campinglapinede-banyuls.com\/wp-content\/uploads\/olas.svg\" alt=\"\" class=\"wp-image-965 lazyload\" src=\"data:image\/svg+xml;base64,PHN2ZyB3aWR0aD0iMSIgaGVpZ2h0PSIxIiB4bWxucz0iaHR0cDovL3d3dy53My5vcmcvMjAwMC9zdmciPjwvc3ZnPg==\" \/><\/figure>\n\n\n\n<div class=\"wp-block-group alignfull oh has-theme-blue-light-background-color has-background is-layout-constrained wp-container-core-group-is-layout-33 wp-block-group-is-layout-constrained\" style=\"margin-top:0;margin-bottom:0;padding-bottom:var(--wp--preset--spacing--80)\">\n<h2 class=\"wp-block-heading alignwide has-text-align-center\" style=\"margin-bottom:var(--wp--preset--spacing--60)\">Entdecken Sie unsere anderen Vermietungen<br><mark style=\"background-color:rgba(0, 0, 0, 0)\" class=\"has-inline-color has-theme-blue-color\">auf dem Campingplatz La Pin\u00e8de<\/mark><\/h2>\n\n\n\n<figure class=\"wp-block-image aligncenter size-large is-resized\"><img decoding=\"async\" width=\"1521\" height=\"236\" data-src=\"https:\/\/www.campinglapinede-banyuls.com\/wp-content\/uploads\/trazo-titulos-cut-01-1.svg\" alt=\"\" class=\"wp-image-1169 lazyload\" style=\"--smush-placeholder-width: 1521px; --smush-placeholder-aspect-ratio: 1521\/236;width:150px\" src=\"data:image\/svg+xml;base64,PHN2ZyB3aWR0aD0iMSIgaGVpZ2h0PSIxIiB4bWxucz0iaHR0cDovL3d3dy53My5vcmcvMjAwMC9zdmciPjwvc3ZnPg==\" \/><\/figure>\n\n\n\n<div class=\"wp-block-slider block-slider-home has-animations  alignfull has-custom-padding has-custom-margin\" style=\"padding-top:var:preset|spacing|70;margin-top:var:preset|spacing|80;\">\n    <div class=\"block-slider-splide splide\" id=\"block_slide_1807\">\n        <div class=\"splide__track\">\n                <div class=\"acf-innerblocks-container\">\n\n<div class=\"wp-block-group has-theme-white-color has-theme-grey-background-color has-text-color has-background is-layout-flow wp-block-group-is-layout-flow\">\n<div class=\"wp-block-cover animation--left animation--init--once is-style-default\"><span aria-hidden=\"true\" class=\"wp-block-cover__background has-background-dim\"><\/span><img decoding=\"async\" width=\"1400\" height=\"1050\" class=\"wp-block-cover__image-background wp-image-2745 lazyload\" alt=\"\" data-src=\"https:\/\/www.campinglapinede-banyuls.com\/wp-content\/uploads\/1.jpg\" data-object-fit=\"cover\" data-srcset=\"https:\/\/www.campinglapinede-banyuls.com\/wp-content\/uploads\/1.jpg 1400w, https:\/\/www.campinglapinede-banyuls.com\/wp-content\/smush-webp\/1-1024x768.jpg.webp 1024w, https:\/\/www.campinglapinede-banyuls.com\/wp-content\/smush-webp\/1-768x576.jpg.webp 768w, https:\/\/www.campinglapinede-banyuls.com\/wp-content\/smush-webp\/1-512x384.jpg.webp 512w, https:\/\/www.campinglapinede-banyuls.com\/wp-content\/smush-webp\/1-256x192.jpg.webp 256w\" data-sizes=\"(max-width: 1400px) 100vw, 1400px\" src=\"data:image\/svg+xml;base64,PHN2ZyB3aWR0aD0iMSIgaGVpZ2h0PSIxIiB4bWxucz0iaHR0cDovL3d3dy53My5vcmcvMjAwMC9zdmciPjwvc3ZnPg==\" style=\"--smush-placeholder-width: 1400px; --smush-placeholder-aspect-ratio: 1400\/1050;\" \/><div class=\"wp-block-cover__inner-container is-layout-flow wp-block-cover-is-layout-flow\">\n<p class=\"has-text-align-center animation--left animation--init--once has-theme-white-color has-text-color has-large-font-size\">COCO SWEET 2 SCHLAFZIMMER<\/p>\n<\/div><\/div>\n\n\n\n<div class=\"wp-block-cover aligncenter slide-block-hover\"><span aria-hidden=\"true\" class=\"wp-block-cover__background has-background-dim-0 has-background-dim\"><\/span><img decoding=\"async\" width=\"1400\" height=\"1050\" class=\"wp-block-cover__image-background wp-image-2745 lazyload\" alt=\"\" data-src=\"https:\/\/www.campinglapinede-banyuls.com\/wp-content\/uploads\/1.jpg\" data-object-fit=\"cover\" data-srcset=\"https:\/\/www.campinglapinede-banyuls.com\/wp-content\/uploads\/1.jpg 1400w, https:\/\/www.campinglapinede-banyuls.com\/wp-content\/smush-webp\/1-1024x768.jpg.webp 1024w, https:\/\/www.campinglapinede-banyuls.com\/wp-content\/smush-webp\/1-768x576.jpg.webp 768w, https:\/\/www.campinglapinede-banyuls.com\/wp-content\/smush-webp\/1-512x384.jpg.webp 512w, https:\/\/www.campinglapinede-banyuls.com\/wp-content\/smush-webp\/1-256x192.jpg.webp 256w\" data-sizes=\"(max-width: 1400px) 100vw, 1400px\" src=\"data:image\/svg+xml;base64,PHN2ZyB3aWR0aD0iMSIgaGVpZ2h0PSIxIiB4bWxucz0iaHR0cDovL3d3dy53My5vcmcvMjAwMC9zdmciPjwvc3ZnPg==\" style=\"--smush-placeholder-width: 1400px; --smush-placeholder-aspect-ratio: 1400\/1050;\" \/><div class=\"wp-block-cover__inner-container is-layout-flow wp-block-cover-is-layout-flow\">\n<div class=\"wp-block-group alignfull is-layout-constrained wp-block-group-is-layout-constrained\">\n<p class=\"has-text-align-center blocks-titre-hover has-theme-white-color has-text-color has-large-font-size\" style=\"margin-top:0;margin-right:0;margin-bottom:0;margin-left:0\">COCO SWEET 2 SCHLAFZIMMER<\/p>\n\n\n\n<p class=\"has-text-align-center has-theme-white-color has-text-color\" style=\"margin-top:0;margin-right:0;margin-bottom:0;margin-left:0;font-size:14px\">Unsere Coco Sweet-Strukturen ohne Sanit\u00e4ranlagen<\/p>\n\n\n\n<p class=\"has-text-align-center has-theme-white-color has-text-color\" style=\"margin-top:0;margin-right:0;margin-bottom:0;margin-left:0;font-size:14px\"> von 11 m\u00b2 liegen im Schatten typischer Vegetation <\/p>\n\n\n\n<p class=\"has-text-align-center has-theme-white-color has-text-color\" style=\"margin-top:0;margin-right:0;margin-bottom:0;margin-left:0;font-size:14px\">Mittelmeer.<\/p>\n\n\n\n<div class=\"wp-block-buttons button-blue-border is-content-justification-center is-layout-flex wp-container-core-buttons-is-layout-2 wp-block-buttons-is-layout-flex\">\n<div class=\"wp-block-button button-white-border\"><a class=\"wp-block-button__link wp-element-button\" href=\"https:\/\/www.campinglapinede-banyuls.com\/nos-locations\/coco-sweet-2-ch-sans-sanitaire\/\" style=\"border-radius:50px\">ENTDECKEN<\/a><\/div>\n<\/div>\n<\/div>\n\n\n\n<figure class=\"wp-block-image alignfull size-large has-custom-border waves-botom wp-duotone-e7f7fc-fff-4\"><img decoding=\"async\" data-src=\"https:\/\/www.campinglapinede-banyuls.com\/wp-content\/uploads\/olas-1.svg\" alt=\"\" class=\"wp-image-1427 lazyload\" style=\"border-radius:100px\" src=\"data:image\/svg+xml;base64,PHN2ZyB3aWR0aD0iMSIgaGVpZ2h0PSIxIiB4bWxucz0iaHR0cDovL3d3dy53My5vcmcvMjAwMC9zdmciPjwvc3ZnPg==\" \/><\/figure>\n<\/div><\/div>\n<\/div>\n\n\n\n<div class=\"wp-block-group has-theme-white-color has-theme-black-background-color has-text-color has-background is-layout-flow wp-block-group-is-layout-flow\">\n<div class=\"wp-block-cover is-light\"><span aria-hidden=\"true\" class=\"wp-block-cover__background has-background-dim\"><\/span><img decoding=\"async\" width=\"595\" height=\"550\" class=\"wp-block-cover__image-background wp-image-1697 lazyload\" alt=\"\" data-src=\"https:\/\/www.campinglapinede-banyuls.com\/wp-content\/uploads\/coco-1-ch.jpg\" data-object-fit=\"cover\" data-srcset=\"https:\/\/www.campinglapinede-banyuls.com\/wp-content\/uploads\/coco-1-ch.jpg 595w, https:\/\/www.campinglapinede-banyuls.com\/wp-content\/smush-webp\/coco-1-ch-512x473.jpg.webp 512w, https:\/\/www.campinglapinede-banyuls.com\/wp-content\/smush-webp\/coco-1-ch-256x237.jpg.webp 256w\" data-sizes=\"(max-width: 595px) 100vw, 595px\" src=\"data:image\/svg+xml;base64,PHN2ZyB3aWR0aD0iMSIgaGVpZ2h0PSIxIiB4bWxucz0iaHR0cDovL3d3dy53My5vcmcvMjAwMC9zdmciPjwvc3ZnPg==\" style=\"--smush-placeholder-width: 595px; --smush-placeholder-aspect-ratio: 595\/550;\" \/><div class=\"wp-block-cover__inner-container is-layout-flow wp-block-cover-is-layout-flow\">\n<p class=\"has-text-align-center animation--left animation--init--once has-theme-white-color has-text-color has-large-font-size\">COCO SWEET 1 SCHLAFZIMMER<\/p>\n<\/div><\/div>\n\n\n\n<div class=\"wp-block-cover aligncenter is-light slide-block-hover\"><span aria-hidden=\"true\" class=\"wp-block-cover__background has-background-dim-0 has-background-dim\"><\/span><img decoding=\"async\" width=\"595\" height=\"550\" class=\"wp-block-cover__image-background wp-image-1697 lazyload\" alt=\"\" data-src=\"https:\/\/www.campinglapinede-banyuls.com\/wp-content\/uploads\/coco-1-ch.jpg\" data-object-fit=\"cover\" data-srcset=\"https:\/\/www.campinglapinede-banyuls.com\/wp-content\/uploads\/coco-1-ch.jpg 595w, https:\/\/www.campinglapinede-banyuls.com\/wp-content\/smush-webp\/coco-1-ch-512x473.jpg.webp 512w, https:\/\/www.campinglapinede-banyuls.com\/wp-content\/smush-webp\/coco-1-ch-256x237.jpg.webp 256w\" data-sizes=\"(max-width: 595px) 100vw, 595px\" src=\"data:image\/svg+xml;base64,PHN2ZyB3aWR0aD0iMSIgaGVpZ2h0PSIxIiB4bWxucz0iaHR0cDovL3d3dy53My5vcmcvMjAwMC9zdmciPjwvc3ZnPg==\" style=\"--smush-placeholder-width: 595px; --smush-placeholder-aspect-ratio: 595\/550;\" \/><div class=\"wp-block-cover__inner-container is-layout-flow wp-block-cover-is-layout-flow\">\n<div class=\"wp-block-group alignfull is-layout-constrained wp-block-group-is-layout-constrained\">\n<p class=\"has-text-align-center blocks-titre-hover has-theme-white-color has-text-color has-large-font-size\" style=\"margin-top:0;margin-right:0;margin-bottom:0;margin-left:0\">COCO SWEET 1 SCHLAFZIMMER<\/p>\n\n\n\n<p class=\"has-text-align-center has-theme-white-color has-text-color\" style=\"margin-top:0;margin-right:0;margin-bottom:0;margin-left:0;font-size:14px\">Unsere Coco Sweet Mobilheime ohne Sanit\u00e4ranlagen<\/p>\n\n\n\n<p class=\"has-text-align-center has-theme-white-color has-text-color\" style=\"margin-top:0;margin-right:0;margin-bottom:0;margin-left:0;font-size:14px\"> von 16m2 liegen im Schatten von Pinien<\/p>\n\n\n\n<div class=\"wp-block-buttons button-blue-border is-content-justification-center is-layout-flex wp-container-core-buttons-is-layout-3 wp-block-buttons-is-layout-flex\">\n<div class=\"wp-block-button button-white-border\"><a class=\"wp-block-button__link wp-element-button\" href=\"https:\/\/www.campinglapinede-banyuls.com\/nos-locations\/coco-sweet-1-ch-sans-sanitaire\/\" style=\"border-radius:50px\">ENTDECKEN<\/a><\/div>\n<\/div>\n<\/div>\n\n\n\n<figure class=\"wp-block-image alignfull size-large has-custom-border waves-botom wp-duotone-e7f7fc-fff-5\"><img decoding=\"async\" data-src=\"https:\/\/www.campinglapinede-banyuls.com\/wp-content\/uploads\/olas-1.svg\" alt=\"\" class=\"wp-image-1427 lazyload\" style=\"border-radius:100px\" src=\"data:image\/svg+xml;base64,PHN2ZyB3aWR0aD0iMSIgaGVpZ2h0PSIxIiB4bWxucz0iaHR0cDovL3d3dy53My5vcmcvMjAwMC9zdmciPjwvc3ZnPg==\" \/><\/figure>\n<\/div><\/div>\n<\/div>\n\n\n\n<div class=\"wp-block-group has-theme-white-color has-theme-grey-background-color has-text-color has-background is-layout-flow wp-block-group-is-layout-flow\">\n<div class=\"wp-block-cover is-light animation--left animation--init--once\"><span aria-hidden=\"true\" class=\"wp-block-cover__background has-background-dim\"><\/span><img decoding=\"async\" width=\"595\" height=\"550\" class=\"wp-block-cover__image-background wp-image-1699 lazyload\" alt=\"\" data-src=\"https:\/\/www.campinglapinede-banyuls.com\/wp-content\/uploads\/mh-2-ch.jpg\" data-object-fit=\"cover\" data-srcset=\"https:\/\/www.campinglapinede-banyuls.com\/wp-content\/uploads\/mh-2-ch.jpg 595w, https:\/\/www.campinglapinede-banyuls.com\/wp-content\/smush-webp\/mh-2-ch-512x473.jpg.webp 512w, https:\/\/www.campinglapinede-banyuls.com\/wp-content\/smush-webp\/mh-2-ch-256x237.jpg.webp 256w\" data-sizes=\"(max-width: 595px) 100vw, 595px\" src=\"data:image\/svg+xml;base64,PHN2ZyB3aWR0aD0iMSIgaGVpZ2h0PSIxIiB4bWxucz0iaHR0cDovL3d3dy53My5vcmcvMjAwMC9zdmciPjwvc3ZnPg==\" style=\"--smush-placeholder-width: 595px; --smush-placeholder-aspect-ratio: 595\/550;\" \/><div class=\"wp-block-cover__inner-container is-layout-flow wp-block-cover-is-layout-flow\">\n<p class=\"has-text-align-center animation--left animation--init--once has-theme-white-color has-text-color has-large-font-size\">MOBILHEIM 4 SCHLAFZIMMER<\/p>\n<\/div><\/div>\n\n\n\n<div class=\"wp-block-cover aligncenter is-light slide-block-hover\"><span aria-hidden=\"true\" class=\"wp-block-cover__background has-background-dim-0 has-background-dim\"><\/span><img decoding=\"async\" width=\"595\" height=\"550\" class=\"wp-block-cover__image-background wp-image-1699 lazyload\" alt=\"\" data-src=\"https:\/\/www.campinglapinede-banyuls.com\/wp-content\/uploads\/mh-2-ch.jpg\" data-object-fit=\"cover\" data-srcset=\"https:\/\/www.campinglapinede-banyuls.com\/wp-content\/uploads\/mh-2-ch.jpg 595w, https:\/\/www.campinglapinede-banyuls.com\/wp-content\/smush-webp\/mh-2-ch-512x473.jpg.webp 512w, https:\/\/www.campinglapinede-banyuls.com\/wp-content\/smush-webp\/mh-2-ch-256x237.jpg.webp 256w\" data-sizes=\"(max-width: 595px) 100vw, 595px\" src=\"data:image\/svg+xml;base64,PHN2ZyB3aWR0aD0iMSIgaGVpZ2h0PSIxIiB4bWxucz0iaHR0cDovL3d3dy53My5vcmcvMjAwMC9zdmciPjwvc3ZnPg==\" style=\"--smush-placeholder-width: 595px; --smush-placeholder-aspect-ratio: 595\/550;\" \/><div class=\"wp-block-cover__inner-container is-layout-flow wp-block-cover-is-layout-flow\">\n<div class=\"wp-block-group alignfull is-layout-constrained wp-block-group-is-layout-constrained\">\n<p class=\"has-text-align-center blocks-titre-hover has-theme-white-color has-text-color has-large-font-size\" style=\"margin-top:0;margin-right:0;margin-bottom:0;margin-left:0\">MOBILHEIM 4 SCHLAFZIMMER<\/p>\n\n\n\n<p class=\"has-text-align-center has-theme-white-color has-text-color\" style=\"margin-top:0;margin-right:0;margin-bottom:0;margin-left:0;font-size:14px\">Unsere Zimmer sind mit Kissen und Bettdecken ausgestattet (Achten Sie auf die Gesundheitshinweise, diese k\u00f6nnen entfernt werden). Bettw\u00e4sche wird nicht gestellt<\/p>\n\n\n\n<div class=\"wp-block-buttons button-blue-border is-content-justification-center is-layout-flex wp-container-core-buttons-is-layout-4 wp-block-buttons-is-layout-flex\">\n<div class=\"wp-block-button button-white-border\"><a class=\"wp-block-button__link wp-element-button\" href=\"https:\/\/www.campinglapinede-banyuls.com\/nos-locations\/mobil-home-4-chambres\/\" style=\"border-radius:50px\">ENTDECKEN<\/a><\/div>\n<\/div>\n<\/div>\n\n\n\n<figure class=\"wp-block-image alignfull size-large has-custom-border waves-botom wp-duotone-e7f7fc-fff-6\"><img decoding=\"async\" data-src=\"https:\/\/www.campinglapinede-banyuls.com\/wp-content\/uploads\/olas-1.svg\" alt=\"\" class=\"wp-image-1427 lazyload\" style=\"border-radius:100px\" src=\"data:image\/svg+xml;base64,PHN2ZyB3aWR0aD0iMSIgaGVpZ2h0PSIxIiB4bWxucz0iaHR0cDovL3d3dy53My5vcmcvMjAwMC9zdmciPjwvc3ZnPg==\" \/><\/figure>\n<\/div><\/div>\n<\/div>\n\n\n\n<div class=\"wp-block-group has-theme-white-color has-theme-grey-background-color has-text-color has-background is-layout-flow wp-block-group-is-layout-flow\">\n<div class=\"wp-block-cover is-light animation--left animation--init--once\"><span aria-hidden=\"true\" class=\"wp-block-cover__background has-background-dim\"><\/span><img decoding=\"async\" width=\"800\" height=\"533\" class=\"wp-block-cover__image-background wp-image-2759 lazyload\" alt=\"\" data-src=\"https:\/\/www.campinglapinede-banyuls.com\/wp-content\/uploads\/life-sejour-2022jpg-800px.jpg\" data-object-fit=\"cover\" data-srcset=\"https:\/\/www.campinglapinede-banyuls.com\/wp-content\/uploads\/life-sejour-2022jpg-800px.jpg 800w, https:\/\/www.campinglapinede-banyuls.com\/wp-content\/smush-webp\/life-sejour-2022jpg-800px-768x512.jpg.webp 768w, https:\/\/www.campinglapinede-banyuls.com\/wp-content\/smush-webp\/life-sejour-2022jpg-800px-512x341.jpg.webp 512w, https:\/\/www.campinglapinede-banyuls.com\/wp-content\/smush-webp\/life-sejour-2022jpg-800px-256x171.jpg.webp 256w\" data-sizes=\"(max-width: 800px) 100vw, 800px\" src=\"data:image\/svg+xml;base64,PHN2ZyB3aWR0aD0iMSIgaGVpZ2h0PSIxIiB4bWxucz0iaHR0cDovL3d3dy53My5vcmcvMjAwMC9zdmciPjwvc3ZnPg==\" style=\"--smush-placeholder-width: 800px; --smush-placeholder-aspect-ratio: 800\/533;\" \/><div class=\"wp-block-cover__inner-container is-layout-flow wp-block-cover-is-layout-flow\">\n<p class=\"has-text-align-center animation--left animation--init--once has-theme-white-color has-text-color has-large-font-size\">MOBILHEIM F\u00dcR PERSONEN MIT EINGESCHR\u00c4NKTER MOBILIT\u00c4T<\/p>\n<\/div><\/div>\n\n\n\n<div class=\"wp-block-cover aligncenter is-light slide-block-hover\"><span aria-hidden=\"true\" class=\"wp-block-cover__background has-background-dim-0 has-background-dim\"><\/span><img decoding=\"async\" width=\"800\" height=\"533\" class=\"wp-block-cover__image-background wp-image-2759 lazyload\" alt=\"\" data-src=\"https:\/\/www.campinglapinede-banyuls.com\/wp-content\/uploads\/life-sejour-2022jpg-800px.jpg\" data-object-fit=\"cover\" data-srcset=\"https:\/\/www.campinglapinede-banyuls.com\/wp-content\/uploads\/life-sejour-2022jpg-800px.jpg 800w, https:\/\/www.campinglapinede-banyuls.com\/wp-content\/smush-webp\/life-sejour-2022jpg-800px-768x512.jpg.webp 768w, https:\/\/www.campinglapinede-banyuls.com\/wp-content\/smush-webp\/life-sejour-2022jpg-800px-512x341.jpg.webp 512w, https:\/\/www.campinglapinede-banyuls.com\/wp-content\/smush-webp\/life-sejour-2022jpg-800px-256x171.jpg.webp 256w\" data-sizes=\"(max-width: 800px) 100vw, 800px\" src=\"data:image\/svg+xml;base64,PHN2ZyB3aWR0aD0iMSIgaGVpZ2h0PSIxIiB4bWxucz0iaHR0cDovL3d3dy53My5vcmcvMjAwMC9zdmciPjwvc3ZnPg==\" style=\"--smush-placeholder-width: 800px; --smush-placeholder-aspect-ratio: 800\/533;\" \/><div class=\"wp-block-cover__inner-container is-layout-flow wp-block-cover-is-layout-flow\">\n<div class=\"wp-block-group alignfull is-layout-constrained wp-block-group-is-layout-constrained\">\n<p class=\"has-text-align-center blocks-titre-hover has-theme-white-color has-text-color has-large-font-size\" style=\"margin-top:0;margin-right:0;margin-bottom:0;margin-left:0\">MOBILHEIM F\u00dcR PERSONEN MIT EINGESCHR\u00c4NKTER MOBILIT\u00c4T<\/p>\n\n\n\n<p class=\"has-text-align-center has-theme-white-color has-text-color\" style=\"margin-top:0;margin-right:0;margin-bottom:0;margin-left:0;font-size:14px\">Dieses Mobilheim ist komplett ausgestattet und ger\u00e4umiger, da es f\u00fcr Rollstuhlfahrer geeignet ist. Es bietet allen Komfort, den Sie f\u00fcr einen angenehmen Aufenthalt ben\u00f6tigen. <\/p>\n\n\n\n<div class=\"wp-block-buttons button-blue-border is-content-justification-center is-layout-flex wp-container-core-buttons-is-layout-5 wp-block-buttons-is-layout-flex\">\n<div class=\"wp-block-button button-white-border\"><a class=\"wp-block-button__link wp-element-button\" href=\"https:\/\/www.campinglapinede-banyuls.com\/nos-locations\/mobil-home-pmr\/\" style=\"border-radius:50px\">ENTDECKEN<\/a><\/div>\n<\/div>\n<\/div>\n\n\n\n<figure class=\"wp-block-image alignfull size-large has-custom-border waves-botom wp-duotone-e7f7fc-fff-7\"><img decoding=\"async\" data-src=\"https:\/\/www.campinglapinede-banyuls.com\/wp-content\/uploads\/olas-1.svg\" alt=\"\" class=\"wp-image-1427 lazyload\" style=\"border-radius:100px\" src=\"data:image\/svg+xml;base64,PHN2ZyB3aWR0aD0iMSIgaGVpZ2h0PSIxIiB4bWxucz0iaHR0cDovL3d3dy53My5vcmcvMjAwMC9zdmciPjwvc3ZnPg==\" \/><\/figure>\n<\/div><\/div>\n<\/div>\n\n\n\n<div class=\"wp-block-group has-theme-white-color has-theme-grey-background-color has-text-color has-background is-layout-flow wp-block-group-is-layout-flow\">\n<div class=\"wp-block-cover animation--left animation--init--once\"><span aria-hidden=\"true\" class=\"wp-block-cover__background has-background-dim\"><\/span><img decoding=\"async\" width=\"1400\" height=\"1050\" class=\"wp-block-cover__image-background wp-image-2692 lazyload\" alt=\"\" data-src=\"https:\/\/www.campinglapinede-banyuls.com\/wp-content\/uploads\/2-1.jpg\" data-object-fit=\"cover\" data-srcset=\"https:\/\/www.campinglapinede-banyuls.com\/wp-content\/uploads\/2-1.jpg 1400w, https:\/\/www.campinglapinede-banyuls.com\/wp-content\/smush-webp\/2-1-1024x768.jpg.webp 1024w, https:\/\/www.campinglapinede-banyuls.com\/wp-content\/smush-webp\/2-1-768x576.jpg.webp 768w, https:\/\/www.campinglapinede-banyuls.com\/wp-content\/smush-webp\/2-1-512x384.jpg.webp 512w, https:\/\/www.campinglapinede-banyuls.com\/wp-content\/smush-webp\/2-1-256x192.jpg.webp 256w\" data-sizes=\"(max-width: 1400px) 100vw, 1400px\" src=\"data:image\/svg+xml;base64,PHN2ZyB3aWR0aD0iMSIgaGVpZ2h0PSIxIiB4bWxucz0iaHR0cDovL3d3dy53My5vcmcvMjAwMC9zdmciPjwvc3ZnPg==\" style=\"--smush-placeholder-width: 1400px; --smush-placeholder-aspect-ratio: 1400\/1050;\" \/><div class=\"wp-block-cover__inner-container is-layout-flow wp-block-cover-is-layout-flow\">\n<p class=\"has-text-align-center animation--left animation--init--once has-theme-white-color has-text-color has-large-font-size\">MOBILHEIM CIHELO<\/p>\n<\/div><\/div>\n\n\n\n<div class=\"wp-block-cover aligncenter slide-block-hover\"><span aria-hidden=\"true\" class=\"wp-block-cover__background has-background-dim-0 has-background-dim\"><\/span><img decoding=\"async\" width=\"1400\" height=\"1050\" class=\"wp-block-cover__image-background wp-image-2692 lazyload\" alt=\"\" data-src=\"https:\/\/www.campinglapinede-banyuls.com\/wp-content\/uploads\/2-1.jpg\" data-object-fit=\"cover\" data-srcset=\"https:\/\/www.campinglapinede-banyuls.com\/wp-content\/uploads\/2-1.jpg 1400w, https:\/\/www.campinglapinede-banyuls.com\/wp-content\/smush-webp\/2-1-1024x768.jpg.webp 1024w, https:\/\/www.campinglapinede-banyuls.com\/wp-content\/smush-webp\/2-1-768x576.jpg.webp 768w, https:\/\/www.campinglapinede-banyuls.com\/wp-content\/smush-webp\/2-1-512x384.jpg.webp 512w, https:\/\/www.campinglapinede-banyuls.com\/wp-content\/smush-webp\/2-1-256x192.jpg.webp 256w\" data-sizes=\"(max-width: 1400px) 100vw, 1400px\" src=\"data:image\/svg+xml;base64,PHN2ZyB3aWR0aD0iMSIgaGVpZ2h0PSIxIiB4bWxucz0iaHR0cDovL3d3dy53My5vcmcvMjAwMC9zdmciPjwvc3ZnPg==\" style=\"--smush-placeholder-width: 1400px; --smush-placeholder-aspect-ratio: 1400\/1050;\" \/><div class=\"wp-block-cover__inner-container is-layout-flow wp-block-cover-is-layout-flow\">\n<div class=\"wp-block-group alignfull is-layout-constrained wp-block-group-is-layout-constrained\">\n<p class=\"has-text-align-center blocks-titre-hover has-theme-white-color has-text-color has-large-font-size\" style=\"margin-top:0;margin-right:0;margin-bottom:0;margin-left:0\">MOBILHEIM CIHELO<\/p>\n\n\n\n<p class=\"has-text-align-center has-theme-white-color has-text-color\" style=\"margin-top:0;margin-right:0;margin-bottom:0;margin-left:0;font-size:14px\">Auf halbem Weg zwischen einem Zelt und einem Mobilheim ist das Cih\u00e9lo mit Strom ausgestattet, hat aber keinen Wasseranschluss. Daher ist es notwendig, sich f\u00fcr alles, was die Sanit\u00e4ranlagen betrifft, in die Gemeinschaftsbereiche zu begeben.<\/p>\n\n\n\n<div class=\"wp-block-buttons button-blue-border is-content-justification-center is-layout-flex wp-container-core-buttons-is-layout-6 wp-block-buttons-is-layout-flex\">\n<div class=\"wp-block-button button-white-border\"><a class=\"wp-block-button__link wp-element-button\" href=\"https:\/\/www.campinglapinede-banyuls.com\/de\/unsere-vermietungen\/cihelo\/\" style=\"border-radius:50px\">ENTDECKEN<\/a><\/div>\n<\/div>\n<\/div>\n\n\n\n<figure class=\"wp-block-image alignfull size-large has-custom-border waves-botom wp-duotone-e7f7fc-fff-8\"><img decoding=\"async\" data-src=\"https:\/\/www.campinglapinede-banyuls.com\/wp-content\/uploads\/olas-1.svg\" alt=\"\" class=\"wp-image-1427 lazyload\" style=\"border-radius:100px\" src=\"data:image\/svg+xml;base64,PHN2ZyB3aWR0aD0iMSIgaGVpZ2h0PSIxIiB4bWxucz0iaHR0cDovL3d3dy53My5vcmcvMjAwMC9zdmciPjwvc3ZnPg==\" \/><\/figure>\n<\/div><\/div>\n<\/div>\n\n<\/div>        <\/div>\n    <\/div>\n<\/div>\n    <script>\n        'use strict';\n\n        document.addEventListener('DOMContentLoaded', function () {\n\n            (function() {\n                const blockSlide = new Splide( '#block_slide_1807', {\n                    type : 'loop',\n                    perPage: 3,\n                                        \n                    breakpoints: {\n                        800: {\n                            perPage: 2,\n                                                    },\n                        450: {\n                            perPage: 1,\n                            \n                        },\n                    },\n                    pagination: true,\n                    arrows: true,\n                    gap: 'var(--wp--style--block-gap)',\n                    i18n: {\n                        slideLabel: '%s \/ %s',\n                    }\n                } );\n                \n                blockSlide.mount();\n            })();\n        })\n    <\/script>\n<\/div>\n","protected":false},"excerpt":{"rendered":"<p>Entdecken Sie unsere Mobilheime mit 2 Schlafzimmern f\u00fcr 4 bis 6 Personen auf dem st\u00e4dtischen Campingplatz La Pin\u00e8de in Banyuls sur Mer.<\/p>\n","protected":false},"author":3,"featured_media":4094,"parent":3417,"menu_order":4,"comment_status":"closed","ping_status":"closed","template":"","meta":{"_acf_changed":false,"inline_featured_image":false,"ub_ctt_via":"","footnotes":""},"class_list":["post-3444","page","type-page","status-publish","has-post-thumbnail","hentry"],"acf":[],"featured_image_src":"https:\/\/www.campinglapinede-banyuls.com\/wp-content\/uploads\/riviera-suite-sejour-2022jpg-800px.jpg","yoast_head":"<!-- This site is optimized with the Yoast SEO plugin v24.0 - https:\/\/yoast.com\/wordpress\/plugins\/seo\/ -->\n<title>Mobilheim 2 Schlafzimmer - Campingplatz La Pin\u00e8de in Banyuls<\/title>\n<meta name=\"description\" content=\"Entdecken Sie unsere Mobilheime mit 2 Schlafzimmern f\u00fcr 4 bis 6 Personen auf dem st\u00e4dtischen Campingplatz La Pin\u00e8de in Banyuls sur Mer.\" \/>\n<meta name=\"robots\" content=\"index, follow, max-snippet:-1, max-image-preview:large, max-video-preview:-1\" \/>\n<link rel=\"canonical\" href=\"https:\/\/www.campinglapinede-banyuls.com\/de\/unsere-vermietungen\/mobilheim-2-schlafzimmer\/\" \/>\n<meta property=\"og:locale\" content=\"de_DE\" \/>\n<meta property=\"og:type\" content=\"article\" \/>\n<meta property=\"og:title\" content=\"Mobilheim 2 Schlafzimmer - Campingplatz La Pin\u00e8de in Banyuls\" \/>\n<meta property=\"og:description\" content=\"Entdecken Sie unsere Mobilheime mit 2 Schlafzimmern f\u00fcr 4 bis 6 Personen auf dem st\u00e4dtischen Campingplatz La Pin\u00e8de in Banyuls sur Mer.\" \/>\n<meta property=\"og:url\" content=\"https:\/\/www.campinglapinede-banyuls.com\/de\/unsere-vermietungen\/mobilheim-2-schlafzimmer\/\" \/>\n<meta property=\"og:site_name\" content=\"Camping Pin\u00e8de Banyuls\" \/>\n<meta property=\"article:modified_time\" content=\"2023-11-27T13:11:17+00:00\" \/>\n<meta property=\"og:image\" content=\"https:\/\/www.campinglapinede-banyuls.com\/wp-content\/uploads\/16-img-5659.jpg\" \/>\n<meta name=\"twitter:card\" content=\"summary_large_image\" \/>\n<meta name=\"twitter:label1\" content=\"Gesch\u00e4tzte Lesezeit\" \/>\n\t<meta name=\"twitter:data1\" content=\"9\u00a0Minuten\" \/>\n<script type=\"application\/ld+json\" class=\"yoast-schema-graph\">{\"@context\":\"https:\/\/schema.org\",\"@graph\":[{\"@type\":\"WebPage\",\"@id\":\"https:\/\/www.campinglapinede-banyuls.com\/de\/unsere-vermietungen\/mobilheim-2-schlafzimmer\/\",\"url\":\"https:\/\/www.campinglapinede-banyuls.com\/de\/unsere-vermietungen\/mobilheim-2-schlafzimmer\/\",\"name\":\"Mobilheim 2 Schlafzimmer - Campingplatz La Pin\u00e8de in Banyuls\",\"isPartOf\":{\"@id\":\"https:\/\/www.campinglapinede-banyuls.com\/#website\"},\"primaryImageOfPage\":{\"@id\":\"https:\/\/www.campinglapinede-banyuls.com\/de\/unsere-vermietungen\/mobilheim-2-schlafzimmer\/#primaryimage\"},\"image\":{\"@id\":\"https:\/\/www.campinglapinede-banyuls.com\/de\/unsere-vermietungen\/mobilheim-2-schlafzimmer\/#primaryimage\"},\"thumbnailUrl\":\"https:\/\/www.campinglapinede-banyuls.com\/wp-content\/uploads\/riviera-suite-sejour-2022jpg-800px.jpg\",\"datePublished\":\"2023-05-05T11:23:59+00:00\",\"dateModified\":\"2023-11-27T13:11:17+00:00\",\"description\":\"Entdecken Sie unsere Mobilheime mit 2 Schlafzimmern f\u00fcr 4 bis 6 Personen auf dem st\u00e4dtischen Campingplatz La Pin\u00e8de in Banyuls sur Mer.\",\"breadcrumb\":{\"@id\":\"https:\/\/www.campinglapinede-banyuls.com\/de\/unsere-vermietungen\/mobilheim-2-schlafzimmer\/#breadcrumb\"},\"inLanguage\":\"de\",\"potentialAction\":[{\"@type\":\"ReadAction\",\"target\":[\"https:\/\/www.campinglapinede-banyuls.com\/de\/unsere-vermietungen\/mobilheim-2-schlafzimmer\/\"]}]},{\"@type\":\"ImageObject\",\"inLanguage\":\"de\",\"@id\":\"https:\/\/www.campinglapinede-banyuls.com\/de\/unsere-vermietungen\/mobilheim-2-schlafzimmer\/#primaryimage\",\"url\":\"https:\/\/www.campinglapinede-banyuls.com\/wp-content\/uploads\/riviera-suite-sejour-2022jpg-800px.jpg\",\"contentUrl\":\"https:\/\/www.campinglapinede-banyuls.com\/wp-content\/uploads\/riviera-suite-sejour-2022jpg-800px.jpg\",\"width\":615,\"height\":800},{\"@type\":\"BreadcrumbList\",\"@id\":\"https:\/\/www.campinglapinede-banyuls.com\/de\/unsere-vermietungen\/mobilheim-2-schlafzimmer\/#breadcrumb\",\"itemListElement\":[{\"@type\":\"ListItem\",\"position\":1,\"name\":\"Portada\",\"item\":\"https:\/\/www.campinglapinede-banyuls.com\/de\/\"},{\"@type\":\"ListItem\",\"position\":2,\"name\":\"Unsere Vermietungen\",\"item\":\"https:\/\/www.campinglapinede-banyuls.com\/de\/unsere-vermietungen\/\"},{\"@type\":\"ListItem\",\"position\":3,\"name\":\"MOBILHEIM 2 SCHLAFZIMMER\"}]},{\"@type\":\"WebSite\",\"@id\":\"https:\/\/www.campinglapinede-banyuls.com\/#website\",\"url\":\"https:\/\/www.campinglapinede-banyuls.com\/\",\"name\":\"Pin\u00e8de Banyuls\",\"description\":\"\",\"publisher\":{\"@id\":\"https:\/\/www.campinglapinede-banyuls.com\/#organization\"},\"potentialAction\":[{\"@type\":\"SearchAction\",\"target\":{\"@type\":\"EntryPoint\",\"urlTemplate\":\"https:\/\/www.campinglapinede-banyuls.com\/?s={search_term_string}\"},\"query-input\":{\"@type\":\"PropertyValueSpecification\",\"valueRequired\":true,\"valueName\":\"search_term_string\"}}],\"inLanguage\":\"de\"},{\"@type\":\"Organization\",\"@id\":\"https:\/\/www.campinglapinede-banyuls.com\/#organization\",\"name\":\"Pin\u00e8de Banyuls\",\"url\":\"https:\/\/www.campinglapinede-banyuls.com\/\",\"logo\":{\"@type\":\"ImageObject\",\"inLanguage\":\"de\",\"@id\":\"https:\/\/www.campinglapinede-banyuls.com\/#\/schema\/logo\/image\/\",\"url\":\"https:\/\/www.campinglapinede-banyuls.com\/wp-content\/uploads\/cropped-logo-pinede-banyuls.png\",\"contentUrl\":\"https:\/\/www.campinglapinede-banyuls.com\/wp-content\/uploads\/cropped-logo-pinede-banyuls.png\",\"width\":332,\"height\":152,\"caption\":\"Pin\u00e8de Banyuls\"},\"image\":{\"@id\":\"https:\/\/www.campinglapinede-banyuls.com\/#\/schema\/logo\/image\/\"}}]}<\/script>\n<!-- \/ Yoast SEO plugin. -->","yoast_head_json":{"title":"Mobilheim 2 Schlafzimmer - Campingplatz La Pin\u00e8de in Banyuls","description":"Entdecken Sie unsere Mobilheime mit 2 Schlafzimmern f\u00fcr 4 bis 6 Personen auf dem st\u00e4dtischen Campingplatz La Pin\u00e8de in Banyuls sur Mer.","robots":{"index":"index","follow":"follow","max-snippet":"max-snippet:-1","max-image-preview":"max-image-preview:large","max-video-preview":"max-video-preview:-1"},"canonical":"https:\/\/www.campinglapinede-banyuls.com\/de\/unsere-vermietungen\/mobilheim-2-schlafzimmer\/","og_locale":"de_DE","og_type":"article","og_title":"Mobilheim 2 Schlafzimmer - Campingplatz La Pin\u00e8de in Banyuls","og_description":"Entdecken Sie unsere Mobilheime mit 2 Schlafzimmern f\u00fcr 4 bis 6 Personen auf dem st\u00e4dtischen Campingplatz La Pin\u00e8de in Banyuls sur Mer.","og_url":"https:\/\/www.campinglapinede-banyuls.com\/de\/unsere-vermietungen\/mobilheim-2-schlafzimmer\/","og_site_name":"Camping Pin\u00e8de Banyuls","article_modified_time":"2023-11-27T13:11:17+00:00","og_image":[{"url":"https:\/\/www.campinglapinede-banyuls.com\/wp-content\/uploads\/16-img-5659.jpg","type":"","width":"","height":""}],"twitter_card":"summary_large_image","twitter_misc":{"Gesch\u00e4tzte Lesezeit":"9\u00a0Minuten"},"schema":{"@context":"https:\/\/schema.org","@graph":[{"@type":"WebPage","@id":"https:\/\/www.campinglapinede-banyuls.com\/de\/unsere-vermietungen\/mobilheim-2-schlafzimmer\/","url":"https:\/\/www.campinglapinede-banyuls.com\/de\/unsere-vermietungen\/mobilheim-2-schlafzimmer\/","name":"Mobilheim 2 Schlafzimmer - Campingplatz La Pin\u00e8de in Banyuls","isPartOf":{"@id":"https:\/\/www.campinglapinede-banyuls.com\/#website"},"primaryImageOfPage":{"@id":"https:\/\/www.campinglapinede-banyuls.com\/de\/unsere-vermietungen\/mobilheim-2-schlafzimmer\/#primaryimage"},"image":{"@id":"https:\/\/www.campinglapinede-banyuls.com\/de\/unsere-vermietungen\/mobilheim-2-schlafzimmer\/#primaryimage"},"thumbnailUrl":"https:\/\/www.campinglapinede-banyuls.com\/wp-content\/uploads\/riviera-suite-sejour-2022jpg-800px.jpg","datePublished":"2023-05-05T11:23:59+00:00","dateModified":"2023-11-27T13:11:17+00:00","description":"Entdecken Sie unsere Mobilheime mit 2 Schlafzimmern f\u00fcr 4 bis 6 Personen auf dem st\u00e4dtischen Campingplatz La Pin\u00e8de in Banyuls sur Mer.","breadcrumb":{"@id":"https:\/\/www.campinglapinede-banyuls.com\/de\/unsere-vermietungen\/mobilheim-2-schlafzimmer\/#breadcrumb"},"inLanguage":"de","potentialAction":[{"@type":"ReadAction","target":["https:\/\/www.campinglapinede-banyuls.com\/de\/unsere-vermietungen\/mobilheim-2-schlafzimmer\/"]}]},{"@type":"ImageObject","inLanguage":"de","@id":"https:\/\/www.campinglapinede-banyuls.com\/de\/unsere-vermietungen\/mobilheim-2-schlafzimmer\/#primaryimage","url":"https:\/\/www.campinglapinede-banyuls.com\/wp-content\/uploads\/riviera-suite-sejour-2022jpg-800px.jpg","contentUrl":"https:\/\/www.campinglapinede-banyuls.com\/wp-content\/uploads\/riviera-suite-sejour-2022jpg-800px.jpg","width":615,"height":800},{"@type":"BreadcrumbList","@id":"https:\/\/www.campinglapinede-banyuls.com\/de\/unsere-vermietungen\/mobilheim-2-schlafzimmer\/#breadcrumb","itemListElement":[{"@type":"ListItem","position":1,"name":"Portada","item":"https:\/\/www.campinglapinede-banyuls.com\/de\/"},{"@type":"ListItem","position":2,"name":"Unsere Vermietungen","item":"https:\/\/www.campinglapinede-banyuls.com\/de\/unsere-vermietungen\/"},{"@type":"ListItem","position":3,"name":"MOBILHEIM 2 SCHLAFZIMMER"}]},{"@type":"WebSite","@id":"https:\/\/www.campinglapinede-banyuls.com\/#website","url":"https:\/\/www.campinglapinede-banyuls.com\/","name":"Pin\u00e8de Banyuls","description":"","publisher":{"@id":"https:\/\/www.campinglapinede-banyuls.com\/#organization"},"potentialAction":[{"@type":"SearchAction","target":{"@type":"EntryPoint","urlTemplate":"https:\/\/www.campinglapinede-banyuls.com\/?s={search_term_string}"},"query-input":{"@type":"PropertyValueSpecification","valueRequired":true,"valueName":"search_term_string"}}],"inLanguage":"de"},{"@type":"Organization","@id":"https:\/\/www.campinglapinede-banyuls.com\/#organization","name":"Pin\u00e8de Banyuls","url":"https:\/\/www.campinglapinede-banyuls.com\/","logo":{"@type":"ImageObject","inLanguage":"de","@id":"https:\/\/www.campinglapinede-banyuls.com\/#\/schema\/logo\/image\/","url":"https:\/\/www.campinglapinede-banyuls.com\/wp-content\/uploads\/cropped-logo-pinede-banyuls.png","contentUrl":"https:\/\/www.campinglapinede-banyuls.com\/wp-content\/uploads\/cropped-logo-pinede-banyuls.png","width":332,"height":152,"caption":"Pin\u00e8de Banyuls"},"image":{"@id":"https:\/\/www.campinglapinede-banyuls.com\/#\/schema\/logo\/image\/"}}]}},"_links":{"self":[{"href":"https:\/\/www.campinglapinede-banyuls.com\/de\/wp-json\/wp\/v2\/pages\/3444"}],"collection":[{"href":"https:\/\/www.campinglapinede-banyuls.com\/de\/wp-json\/wp\/v2\/pages"}],"about":[{"href":"https:\/\/www.campinglapinede-banyuls.com\/de\/wp-json\/wp\/v2\/types\/page"}],"author":[{"embeddable":true,"href":"https:\/\/www.campinglapinede-banyuls.com\/de\/wp-json\/wp\/v2\/users\/3"}],"replies":[{"embeddable":true,"href":"https:\/\/www.campinglapinede-banyuls.com\/de\/wp-json\/wp\/v2\/comments?post=3444"}],"version-history":[{"count":0,"href":"https:\/\/www.campinglapinede-banyuls.com\/de\/wp-json\/wp\/v2\/pages\/3444\/revisions"}],"up":[{"embeddable":true,"href":"https:\/\/www.campinglapinede-banyuls.com\/de\/wp-json\/wp\/v2\/pages\/3417"}],"wp:featuredmedia":[{"embeddable":true,"href":"https:\/\/www.campinglapinede-banyuls.com\/de\/wp-json\/wp\/v2\/media\/4094"}],"wp:attachment":[{"href":"https:\/\/www.campinglapinede-banyuls.com\/de\/wp-json\/wp\/v2\/media?parent=3444"}],"curies":[{"name":"wp","href":"https:\/\/api.w.org\/{rel}","templated":true}]}}