{"id":3414,"date":"2023-04-28T09:18:00","date_gmt":"2023-04-28T07:18:00","guid":{"rendered":"https:\/\/www.campinglapinede-banyuls.com\/camping\/"},"modified":"2024-06-05T16:29:03","modified_gmt":"2024-06-05T14:29:03","slug":"camping","status":"publish","type":"page","link":"https:\/\/www.campinglapinede-banyuls.com\/de\/camping\/","title":{"rendered":"Camping"},"content":{"rendered":"\n<div class=\"wp-block-cover alignfull is-light oh\" style=\"margin-top:0;margin-bottom:0;min-height:80vh;aspect-ratio:unset;\"><span aria-hidden=\"true\" class=\"wp-block-cover__background has-background-dim-30 has-background-dim wp-block-cover__gradient-background has-background-gradient\" style=\"background:linear-gradient(180deg,rgb(0,0,0) 0%,rgba(255,255,255,0) 100%)\"><\/span><img decoding=\"async\" width=\"2048\" height=\"1365\" class=\"wp-block-cover__image-background wp-image-2586 lazyload\" alt=\"\" data-src=\"https:\/\/www.campinglapinede-banyuls.com\/wp-content\/uploads\/camping-16-05-14-35.jpg\" data-object-fit=\"cover\" data-srcset=\"https:\/\/www.campinglapinede-banyuls.com\/wp-content\/uploads\/camping-16-05-14-35.jpg 2048w, https:\/\/www.campinglapinede-banyuls.com\/wp-content\/smush-webp\/camping-16-05-14-35-1024x683.jpg.webp 1024w, https:\/\/www.campinglapinede-banyuls.com\/wp-content\/smush-webp\/camping-16-05-14-35-768x512.jpg.webp 768w, https:\/\/www.campinglapinede-banyuls.com\/wp-content\/smush-webp\/camping-16-05-14-35-1536x1024.jpg.webp 1536w, https:\/\/www.campinglapinede-banyuls.com\/wp-content\/smush-webp\/camping-16-05-14-35-512x341.jpg.webp 512w, https:\/\/www.campinglapinede-banyuls.com\/wp-content\/smush-webp\/camping-16-05-14-35-256x171.jpg.webp 256w\" data-sizes=\"(max-width: 2048px) 100vw, 2048px\" src=\"data:image\/svg+xml;base64,PHN2ZyB3aWR0aD0iMSIgaGVpZ2h0PSIxIiB4bWxucz0iaHR0cDovL3d3dy53My5vcmcvMjAwMC9zdmciPjwvc3ZnPg==\" style=\"--smush-placeholder-width: 2048px; --smush-placeholder-aspect-ratio: 2048\/1365;\" \/><div class=\"wp-block-cover__inner-container is-layout-flow wp-block-cover-is-layout-flow\">\n<p class=\"has-text-align-center has-large-font-size\"><\/p>\n<\/div><\/div>\n\n\n\n\n\n<div class=\"wp-block-group alignfull formulaire-container is-layout-constrained wp-block-group-is-layout-constrained\">\n<div class=\"wp-block-group alignwide is-layout-constrained wp-block-group-is-layout-constrained\" style=\"margin-bottom:0\">\n<div class=\"wp-block-group alignwide formulaire-thr is-layout-constrained wp-block-group-is-layout-constrained\">\n<div class=\"wp-block-group alignwide formulaire-thr-container has-theme-white-background-color has-background is-layout-flow wp-block-group-is-layout-flow\" style=\"border-radius:10px;padding-top:var(--wp--preset--spacing--60);padding-right:var(--wp--preset--spacing--50);padding-bottom:var(--wp--preset--spacing--60);padding-left:var(--wp--preset--spacing--50)\"><section class=\"formulaire-de-recherche-bar\">\r\n            <div id=\"expand-thelis-formulaire\">Reserver<\/div>\r\n            <div class=\"container-form\"><thr-search-engine><\/thr-search-engine><a id=\"pay-btn-2\" onclick=\"window.open('https:\/\/thelisresa.webcamp.fr\/cart-directPayment.php?camping=pinedeba&amp;lang=de');\"><i><\/i>Ihren Aufenthalt<\/a>\r\n            <style>\r\n            \r\n            .thr-search-engine .thr-search-engine-main > .thr-btn-search { max-width: 20% !important; }\r\n            .thr .btn i { margin-right: 0 !important; }\r\n            #pay-btn-2 { \r\n                position: absolute;\r\n                right: 0;top: 0;\r\n                margin: 10px;\r\n                border: 0;\r\n                background-color: ;\r\n                color: ;\r\n                cursor: pointer;\r\n                width: calc(17% - 5px);\r\n                padding: 17px 0;\r\n                font-size: 18px;\r\n                font-weight: bold;\r\n                text-transform: auto;\r\n                transition: all .35s;\r\n                display: flex;justify-content: center;\r\n                align-items: center;\r\n            }\r\n        \r\n            #pay-btn-2:hover { background-color: ; }\r\n            .thr-search-engine { width: 83%; }\r\n\r\n            @media screen and (max-width: 1200px) {\r\n                #pay-btn-2 { top: 52px; }\r\n                .thr-search-engine .thr-search-engine-main > .thr-btn-search { max-width: inherit !important; }\r\n            }\r\n            @media screen and (max-width: 990px) {\r\n                .thr-search-engine { width: 100%; }\r\n                #pay-btn-2 { position: relative;width: calc(100% - 20px);top: auto;margin-top: 0; }\r\n            }\r\n\r\n            thr-search-engine { border-right: 200px rgba(0,0,0,0) solid;display: block; }\r\n            @media screen and (max-width: 1200px) {\r\n                thr-search-engine { border-right: inherit;display: inherit; }\r\n            }\r\n            <\/style>\r\n            <\/div><\/section><!-- .formulaire-de-recherche-bar --><style>\r\n        #expand-thelis-formulaire { display: none; }\r\n        @media screen and (max-width: 1200px) {\r\n            #expand-thelis-formulaire { display: block; }\r\n            .formulaire-de-recherche-bar .container-form { display: none; }\r\n        }\r\n    <\/style><script>\r\n    jQuery(document).ready(function($){\r\n        jQuery('#expand-thelis-formulaire').click(function(){\r\n            if(\r\n                jQuery('.formulaire-de-recherche-bar .container-form').css('display') == 'none'\r\n            ){\r\n                jQuery('.formulaire-de-recherche-bar .container-form').css('display', 'block');\r\n                jQuery('#expand-thelis-formulaire').addClass('expanded');\r\n            }else{\r\n                jQuery('.formulaire-de-recherche-bar .container-form').css('display', 'none');\r\n                jQuery('#expand-thelis-formulaire').removeClass('expanded');\r\n            }\r\n        });\r\n    });\r\n    <\/script>\n<\/div>\n<\/div>\n<\/div>\n<\/div>\n\n\n\n<div class=\"wp-block-columns alignwide has-animation intro-interior is-layout-flex wp-container-core-columns-is-layout-1 wp-block-columns-is-layout-flex\" style=\"padding-top:var(--wp--preset--spacing--80)\">\n<div class=\"wp-block-column is-layout-flow wp-block-column-is-layout-flow\">\n<h1 class=\"wp-block-heading animation--left animation--init--once has-h-2-font-size\">WILLKOMMEN AUF DEM ST\u00c4DTISCHEN CAMPINGPLATZ LA PIN\u00c8DE <br><mark style=\"background-color:rgba(0, 0, 0, 0)\" class=\"has-inline-color has-theme-blue-color\">IN DER REGION OKZITANIEN<\/mark><\/h1>\n\n\n\n<figure class=\"wp-block-image size-large is-resized animation--left animation--init--once\"><img decoding=\"async\" width=\"1521\" height=\"236\" data-src=\"https:\/\/www.campinglapinede-banyuls.com\/wp-content\/uploads\/trazo-titulos-cut-01-1.svg\" alt=\"\" class=\"wp-image-1169 lazyload\" style=\"--smush-placeholder-width: 1521px; --smush-placeholder-aspect-ratio: 1521\/236;width:150px\" src=\"data:image\/svg+xml;base64,PHN2ZyB3aWR0aD0iMSIgaGVpZ2h0PSIxIiB4bWxucz0iaHR0cDovL3d3dy53My5vcmcvMjAwMC9zdmciPjwvc3ZnPg==\" \/><\/figure>\n\n\n\n<p class=\"animation--left animation--init--once\">Zwischen Meer und Bergen, am Hang und im Schatten der typisch mediterranen Vegetation empf\u00e4ngt Sie der mit 3 * klassifizierte st\u00e4dtische Campingplatz La Pin\u00e8de zu einem privilegierten Aufenthalt in einer gr\u00fcnen und ruhigen Umgebung.<\/p>\n\n\n\n<p class=\"animation--left animation--init--once\"><br>700 bzw. 800 Meter vom Stadtzentrum und vom Strand entfernt wird Ihnen eine ganze Reihe von Aktivit\u00e4ten in der freien Natur angeboten (Segeln, Windsurfen, Kajak, Wandern, Mountainbike, Tauchen&#8230;), dank derer Sie das wundersch\u00f6ne Hinterland von Banyuls sur Mer und das sehr sch\u00f6ne Meeresreservat von Banyuls \/ Cerb\u00e8re entdecken k\u00f6nnen.<\/p>\n<\/div>\n\n\n\n<div class=\"wp-block-column is-layout-flow wp-block-column-is-layout-flow\">        <div class=\"wp-block-custom-grid icons-info has-text-align-left block-grid-responsive\" style=\" --wp--style--block-desktop-column:2;--wp--style--block-tablet-column:2;--wp--style--block-mobile-column:2;\">\n\n                <div class=\"acf-innerblocks-container\">\n\n<div class=\"wp-block-group is-vertical is-content-justification-center is-layout-flex wp-container-core-group-is-layout-5 wp-block-group-is-layout-flex\">\n<figure class=\"wp-block-image aligncenter size-large is-resized icons-info-back animation--right animation--init--once\"><a href=\"https:\/\/www.campinglapinede-banyuls.com\/wp-content\/uploads\/plan-2023-sans-numero.pdf\" target=\"_blank\" rel=\"noreferrer noopener\"><img decoding=\"async\" width=\"512\" height=\"512\" data-src=\"https:\/\/www.campinglapinede-banyuls.com\/wp-content\/uploads\/plan-camping.svg\" alt=\"\" class=\"wp-image-861 lazyload\" style=\"--smush-placeholder-width: 512px; --smush-placeholder-aspect-ratio: 512\/512;width:75px\" src=\"data:image\/svg+xml;base64,PHN2ZyB3aWR0aD0iMSIgaGVpZ2h0PSIxIiB4bWxucz0iaHR0cDovL3d3dy53My5vcmcvMjAwMC9zdmciPjwvc3ZnPg==\" \/><\/a><\/figure>\n\n\n\n<p class=\"has-text-align-center animation--right animation--init--once\"><a href=\"https:\/\/www.campinglapinede-banyuls.com\/wp-content\/uploads\/plan-2023-sans-numero.pdf\">PLAN DES CAMPINGPLATZES<\/a><\/p>\n<\/div>\n\n\n\n<div class=\"wp-block-group is-vertical is-content-justification-center is-layout-flex wp-container-core-group-is-layout-6 wp-block-group-is-layout-flex\">\n<figure class=\"wp-block-image aligncenter size-large is-resized icons-info-back  animation--right animation--init--once\"><a href=\"https:\/\/www.banyuls-sur-mer.com\/agenda\/\" target=\"_blank\" rel=\"noreferrer noopener\"><img decoding=\"async\" width=\"512\" height=\"512\" data-src=\"https:\/\/www.campinglapinede-banyuls.com\/wp-content\/uploads\/agenda-bon-plans.svg\" alt=\"\" class=\"wp-image-862 lazyload\" style=\"--smush-placeholder-width: 512px; --smush-placeholder-aspect-ratio: 512\/512;width:75px\" src=\"data:image\/svg+xml;base64,PHN2ZyB3aWR0aD0iMSIgaGVpZ2h0PSIxIiB4bWxucz0iaHR0cDovL3d3dy53My5vcmcvMjAwMC9zdmciPjwvc3ZnPg==\" \/><\/a><\/figure>\n\n\n\n<p class=\"has-text-align-center animation--right animation--init--once\"><a href=\"https:\/\/www.banyuls-sur-mer.com\/agenda\/\" target=\"_blank\" rel=\"noreferrer noopener\">AGENDA &amp;<br>GUTE TIPPS<\/a><\/p>\n<\/div>\n\n\n\n<div class=\"wp-block-group is-vertical is-content-justification-center is-layout-flex wp-container-core-group-is-layout-7 wp-block-group-is-layout-flex\">\n<figure class=\"wp-block-image aligncenter size-large is-resized icons-info-back animation--right animation--init--once\"><a href=\"https:\/\/www.campinglapinede-banyuls.com\/wp-content\/uploads\/tarifs-2024.pdf\"><img decoding=\"async\" data-src=\"https:\/\/www.campinglapinede-banyuls.com\/wp-content\/uploads\/prices-svgrepo-com.svg\" alt=\"\" class=\"wp-image-3027 lazyload\" style=\"width:75px\" src=\"data:image\/svg+xml;base64,PHN2ZyB3aWR0aD0iMSIgaGVpZ2h0PSIxIiB4bWxucz0iaHR0cDovL3d3dy53My5vcmcvMjAwMC9zdmciPjwvc3ZnPg==\" \/><\/a><\/figure>\n\n\n\n<p class=\"has-text-align-center animation--right animation--init--once\"><a href=\"https:\/\/www.campinglapinede-banyuls.com\/wp-content\/uploads\/tarifs-2024.pdf\">PREISE DES CAMPINGPLATZES<\/a><\/p>\n<\/div>\n\n\n\n<div class=\"wp-block-group is-vertical is-content-justification-center is-layout-flex wp-container-core-group-is-layout-8 wp-block-group-is-layout-flex\">\n<figure class=\"wp-block-image aligncenter size-large is-resized icons-info-back animation--right animation--init--once\"><img decoding=\"async\" data-src=\"https:\/\/www.campinglapinede-banyuls.com\/wp-content\/uploads\/lavadora.svg\" alt=\"\" class=\"wp-image-1188 lazyload\" style=\"width:75px\" src=\"data:image\/svg+xml;base64,PHN2ZyB3aWR0aD0iMSIgaGVpZ2h0PSIxIiB4bWxucz0iaHR0cDovL3d3dy53My5vcmcvMjAwMC9zdmciPjwvc3ZnPg==\" \/><\/figure>\n\n\n\n<p class=\"has-text-align-center animation--right animation--init--once has-theme-blue-color has-text-color\">AKTIVIT\u00c4TEN<br>&amp; DIENSTLEISTUNGEN<\/p>\n<\/div>\n\n<\/div>\n<\/div><\/div>\n<\/div>\n\n\n\n<div class=\"wp-block-group alignfull is-layout-constrained wp-block-group-is-layout-constrained\" style=\"margin-top:0;margin-bottom:0\">\n<figure class=\"wp-block-image alignfull size-large wp-duotone-e7f7fc-fff-2\"><img decoding=\"async\" data-src=\"https:\/\/www.campinglapinede-banyuls.com\/wp-content\/uploads\/olas.svg\" alt=\"\" class=\"wp-image-965 lazyload\" src=\"data:image\/svg+xml;base64,PHN2ZyB3aWR0aD0iMSIgaGVpZ2h0PSIxIiB4bWxucz0iaHR0cDovL3d3dy53My5vcmcvMjAwMC9zdmciPjwvc3ZnPg==\" \/><\/figure>\n<\/div>\n\n\n\n<div class=\"wp-block-group alignfull carousel-margin oh has-theme-blue-light-background-color has-background is-layout-flow wp-container-core-group-is-layout-10 wp-block-group-is-layout-flow\" style=\"margin-top:0;margin-bottom:0;padding-top:0;padding-right:var(--wp--preset--spacing--60);padding-bottom:var(--wp--preset--spacing--80);padding-left:var(--wp--preset--spacing--60)\">\n<div class=\"wp-image-slider gallery-slider has-text-align-left aspect-ratio-3_4\">\n\n                                        \n                    <script>\n                        'use strict';\n\n                        document.addEventListener('DOMContentLoaded', function () {\n\n                            (function() {\n                                const blockSlide = new Splide( '#slide_605', {\n                                    type : 'loop',\n                                    perPage: 5,\n                                                                        \n                                    breakpoints: {\n                                        800: {\n                                            perPage: 3,\n                                                                                    },\n                                        450: {\n                                            perPage: 1,\n                                            \n                                        },\n                                    },\n                                    pagination: false,\n                                    arrows: false,\n                                    gap: 'var(--wp--style--block-gap)',\n                                    i18n: {\n                                        slideLabel: '0%s \/ 0%s',\n                                    }\n                                } );\n                                \n\n                                \n                                blockSlide.mount();\n                                                                \n\n                            })();\n                        })\n                    <\/script>\n\n                    <div class=\"slider-container\"><div class=\"splide galeria-slider galeria-columnas-5\" id=\"slide_605\"><div class=\"splide__track\"><div class=\"splide__list\"><a href=\"https:\/\/www.campinglapinede-banyuls.com\/wp-content\/uploads\/camping-16-05-14-40.jpg\" id=\"thumb-3351\" class=\"splide__slide image-link\" data-gallery=\"slide_605\"  data-counter=\"01\/05\" alt=\" \" class=\"image-link\"><div class=\"image-wrapper\"><img decoding=\"async\" width=\"512\" height=\"341\" data-src=\"https:\/\/www.campinglapinede-banyuls.com\/wp-content\/smush-webp\/camping-16-05-14-40-512x341.jpg.webp\" class=\"attachment-gallery-small size-gallery-small lazyload\" alt=\"\" data-srcset=\"https:\/\/www.campinglapinede-banyuls.com\/wp-content\/smush-webp\/camping-16-05-14-40-512x341.jpg.webp 512w, https:\/\/www.campinglapinede-banyuls.com\/wp-content\/smush-webp\/camping-16-05-14-40-1024x683.jpg.webp 1024w, https:\/\/www.campinglapinede-banyuls.com\/wp-content\/smush-webp\/camping-16-05-14-40-2048x1365.jpg.webp 2048w, https:\/\/www.campinglapinede-banyuls.com\/wp-content\/smush-webp\/camping-16-05-14-40-768x512.jpg.webp 768w, https:\/\/www.campinglapinede-banyuls.com\/wp-content\/smush-webp\/camping-16-05-14-40-1536x1024.jpg.webp 1536w, https:\/\/www.campinglapinede-banyuls.com\/wp-content\/smush-webp\/camping-16-05-14-40-256x171.jpg.webp 256w\" data-sizes=\"(max-width: 512px) 100vw, 512px\" src=\"data:image\/svg+xml;base64,PHN2ZyB3aWR0aD0iMSIgaGVpZ2h0PSIxIiB4bWxucz0iaHR0cDovL3d3dy53My5vcmcvMjAwMC9zdmciPjwvc3ZnPg==\" style=\"--smush-placeholder-width: 512px; --smush-placeholder-aspect-ratio: 512\/341;\" \/><\/div><\/a><a href=\"https:\/\/www.campinglapinede-banyuls.com\/wp-content\/uploads\/camping-16-05-14-35.jpg\" id=\"thumb-3350\" class=\"splide__slide image-link\" data-gallery=\"slide_605\"  data-counter=\"02\/05\" alt=\" \" class=\"image-link\"><div class=\"image-wrapper\"><img decoding=\"async\" width=\"512\" height=\"341\" data-src=\"https:\/\/www.campinglapinede-banyuls.com\/wp-content\/smush-webp\/camping-16-05-14-35-512x341.jpg.webp\" class=\"attachment-gallery-small size-gallery-small lazyload\" alt=\"\" data-srcset=\"https:\/\/www.campinglapinede-banyuls.com\/wp-content\/smush-webp\/camping-16-05-14-35-512x341.jpg.webp 512w, https:\/\/www.campinglapinede-banyuls.com\/wp-content\/smush-webp\/camping-16-05-14-35-1024x683.jpg.webp 1024w, https:\/\/www.campinglapinede-banyuls.com\/wp-content\/smush-webp\/camping-16-05-14-35-768x512.jpg.webp 768w, https:\/\/www.campinglapinede-banyuls.com\/wp-content\/smush-webp\/camping-16-05-14-35-1536x1024.jpg.webp 1536w, https:\/\/www.campinglapinede-banyuls.com\/wp-content\/smush-webp\/camping-16-05-14-35-256x171.jpg.webp 256w, https:\/\/www.campinglapinede-banyuls.com\/wp-content\/uploads\/camping-16-05-14-35.jpg 2048w\" data-sizes=\"(max-width: 512px) 100vw, 512px\" src=\"data:image\/svg+xml;base64,PHN2ZyB3aWR0aD0iMSIgaGVpZ2h0PSIxIiB4bWxucz0iaHR0cDovL3d3dy53My5vcmcvMjAwMC9zdmciPjwvc3ZnPg==\" style=\"--smush-placeholder-width: 512px; --smush-placeholder-aspect-ratio: 512\/341;\" \/><\/div><\/a><a href=\"https:\/\/www.campinglapinede-banyuls.com\/wp-content\/uploads\/img-0552.jpg\" id=\"thumb-3352\" class=\"splide__slide image-link\" data-gallery=\"slide_605\"  data-counter=\"03\/05\" alt=\" \" class=\"image-link\"><div class=\"image-wrapper\"><img decoding=\"async\" width=\"512\" height=\"341\" data-src=\"https:\/\/www.campinglapinede-banyuls.com\/wp-content\/smush-webp\/img-0552-512x341.jpg.webp\" class=\"attachment-gallery-small size-gallery-small lazyload\" alt=\"\" data-srcset=\"https:\/\/www.campinglapinede-banyuls.com\/wp-content\/smush-webp\/img-0552-512x341.jpg.webp 512w, https:\/\/www.campinglapinede-banyuls.com\/wp-content\/smush-webp\/img-0552-1024x683.jpg.webp 1024w, https:\/\/www.campinglapinede-banyuls.com\/wp-content\/smush-webp\/img-0552-768x512.jpg.webp 768w, https:\/\/www.campinglapinede-banyuls.com\/wp-content\/smush-webp\/img-0552-1536x1024.jpg.webp 1536w, https:\/\/www.campinglapinede-banyuls.com\/wp-content\/smush-webp\/img-0552-256x171.jpg.webp 256w, https:\/\/www.campinglapinede-banyuls.com\/wp-content\/uploads\/img-0552.jpg 2048w\" data-sizes=\"(max-width: 512px) 100vw, 512px\" src=\"data:image\/svg+xml;base64,PHN2ZyB3aWR0aD0iMSIgaGVpZ2h0PSIxIiB4bWxucz0iaHR0cDovL3d3dy53My5vcmcvMjAwMC9zdmciPjwvc3ZnPg==\" style=\"--smush-placeholder-width: 512px; --smush-placeholder-aspect-ratio: 512\/341;\" \/><\/div><\/a><a href=\"https:\/\/www.campinglapinede-banyuls.com\/wp-content\/uploads\/camping-16-05-14-39.jpg\" id=\"thumb-3714\" class=\"splide__slide image-link\" data-gallery=\"slide_605\"  data-counter=\"04\/05\" alt=\" \" class=\"image-link\"><div class=\"image-wrapper\"><img decoding=\"async\" width=\"512\" height=\"341\" data-src=\"https:\/\/www.campinglapinede-banyuls.com\/wp-content\/smush-webp\/camping-16-05-14-39-512x341.jpg.webp\" class=\"attachment-gallery-small size-gallery-small lazyload\" alt=\"\" data-srcset=\"https:\/\/www.campinglapinede-banyuls.com\/wp-content\/smush-webp\/camping-16-05-14-39-512x341.jpg.webp 512w, https:\/\/www.campinglapinede-banyuls.com\/wp-content\/smush-webp\/camping-16-05-14-39-1024x683.jpg.webp 1024w, https:\/\/www.campinglapinede-banyuls.com\/wp-content\/smush-webp\/camping-16-05-14-39-2048x1365.jpg.webp 2048w, https:\/\/www.campinglapinede-banyuls.com\/wp-content\/smush-webp\/camping-16-05-14-39-768x512.jpg.webp 768w, https:\/\/www.campinglapinede-banyuls.com\/wp-content\/smush-webp\/camping-16-05-14-39-1536x1024.jpg.webp 1536w, https:\/\/www.campinglapinede-banyuls.com\/wp-content\/smush-webp\/camping-16-05-14-39-256x171.jpg.webp 256w\" data-sizes=\"(max-width: 512px) 100vw, 512px\" src=\"data:image\/svg+xml;base64,PHN2ZyB3aWR0aD0iMSIgaGVpZ2h0PSIxIiB4bWxucz0iaHR0cDovL3d3dy53My5vcmcvMjAwMC9zdmciPjwvc3ZnPg==\" style=\"--smush-placeholder-width: 512px; --smush-placeholder-aspect-ratio: 512\/341;\" \/><\/div><\/a><a href=\"https:\/\/www.campinglapinede-banyuls.com\/wp-content\/uploads\/camping-16-05-14-43-1.jpg\" id=\"thumb-3355\" class=\"splide__slide image-link\" data-gallery=\"slide_605\"  data-counter=\"05\/05\" alt=\" \" class=\"image-link\"><div class=\"image-wrapper\"><img decoding=\"async\" width=\"512\" height=\"341\" data-src=\"https:\/\/www.campinglapinede-banyuls.com\/wp-content\/smush-webp\/camping-16-05-14-43-1-512x341.jpg.webp\" class=\"attachment-gallery-small size-gallery-small lazyload\" alt=\"\" data-srcset=\"https:\/\/www.campinglapinede-banyuls.com\/wp-content\/smush-webp\/camping-16-05-14-43-1-512x341.jpg.webp 512w, https:\/\/www.campinglapinede-banyuls.com\/wp-content\/smush-webp\/camping-16-05-14-43-1-1024x683.jpg.webp 1024w, https:\/\/www.campinglapinede-banyuls.com\/wp-content\/smush-webp\/camping-16-05-14-43-1-768x512.jpg.webp 768w, https:\/\/www.campinglapinede-banyuls.com\/wp-content\/smush-webp\/camping-16-05-14-43-1-1536x1024.jpg.webp 1536w, https:\/\/www.campinglapinede-banyuls.com\/wp-content\/smush-webp\/camping-16-05-14-43-1-256x171.jpg.webp 256w, https:\/\/www.campinglapinede-banyuls.com\/wp-content\/uploads\/camping-16-05-14-43-1.jpg 2048w\" data-sizes=\"(max-width: 512px) 100vw, 512px\" src=\"data:image\/svg+xml;base64,PHN2ZyB3aWR0aD0iMSIgaGVpZ2h0PSIxIiB4bWxucz0iaHR0cDovL3d3dy53My5vcmcvMjAwMC9zdmciPjwvc3ZnPg==\" style=\"--smush-placeholder-width: 512px; --smush-placeholder-aspect-ratio: 512\/341;\" \/><\/div><\/a><\/div><\/div><\/div><\/div>\n                    \n<\/div><\/div>\n\n\n\n<div class=\"wp-block-group has-animation oh is-layout-constrained wp-block-group-is-layout-constrained\" style=\"padding-top:var(--wp--preset--spacing--60);padding-bottom:var(--wp--preset--spacing--60)\">\n<h2 class=\"wp-block-heading has-text-align-center animation--top animation--init--once\">HABEN SIE EINE UNVERGESSLICHE ZEIT<br><mark style=\"background-color:rgba(0, 0, 0, 0)\" class=\"has-inline-color has-theme-blue-color\">AUF UNSEREM OKZITANISCHEN CAMPINGPLATZ<\/mark><\/h2>\n\n\n\n<figure class=\"wp-block-image aligncenter size-large is-resized animation--top animation--init--once\"><img decoding=\"async\" width=\"1521\" height=\"236\" data-src=\"https:\/\/www.campinglapinede-banyuls.com\/wp-content\/uploads\/trazo-titulos-cut-01.svg\" alt=\"\" class=\"wp-image-996 lazyload\" style=\"--smush-placeholder-width: 1521px; --smush-placeholder-aspect-ratio: 1521\/236;width:150px\" src=\"data:image\/svg+xml;base64,PHN2ZyB3aWR0aD0iMSIgaGVpZ2h0PSIxIiB4bWxucz0iaHR0cDovL3d3dy53My5vcmcvMjAwMC9zdmciPjwvc3ZnPg==\" \/><\/figure>\n<\/div>\n\n\n\n<div class=\"wp-block-group alignfull zoom-icon oh is-layout-flow wp-block-group-is-layout-flow\" style=\"margin-bottom:var(--wp--preset--spacing--60);padding-top:var(--wp--preset--spacing--60);padding-bottom:var(--wp--preset--spacing--60)\">\n<div class=\"wp-block-columns columns-blue-2 is-layout-flex wp-container-core-columns-is-layout-2 wp-block-columns-is-layout-flex\" style=\"padding-top:var(--wp--preset--spacing--60);padding-right:var(--wp--preset--spacing--70);padding-bottom:var(--wp--preset--spacing--60);padding-left:var(--wp--preset--spacing--70)\">\n<div class=\"wp-block-column has-animation is-layout-flow wp-block-column-is-layout-flow\">\n<figure class=\"wp-block-image aligncenter size-full is-resized has-custom-border animation--left animation--init--once\"><img decoding=\"async\" width=\"1440\" height=\"2560\" data-src=\"https:\/\/www.campinglapinede-banyuls.com\/wp-content\/smush-webp\/20240605-145658-scaled.jpg.webp\" alt=\"\" class=\"wp-image-3914 lazyload\" style=\"--smush-placeholder-width: 1440px; --smush-placeholder-aspect-ratio: 1440\/2560;border-radius:20px;width:380px;height:auto\" data-srcset=\"https:\/\/www.campinglapinede-banyuls.com\/wp-content\/smush-webp\/20240605-145658-scaled.jpg.webp 1440w, https:\/\/www.campinglapinede-banyuls.com\/wp-content\/smush-webp\/20240605-145658-576x1024.jpg.webp 576w, https:\/\/www.campinglapinede-banyuls.com\/wp-content\/smush-webp\/20240605-145658-1152x2048.jpg.webp 1152w, https:\/\/www.campinglapinede-banyuls.com\/wp-content\/smush-webp\/20240605-145658-768x1365.jpg.webp 768w, https:\/\/www.campinglapinede-banyuls.com\/wp-content\/smush-webp\/20240605-145658-864x1536.jpg.webp 864w, https:\/\/www.campinglapinede-banyuls.com\/wp-content\/smush-webp\/20240605-145658-288x512.jpg.webp 288w, https:\/\/www.campinglapinede-banyuls.com\/wp-content\/smush-webp\/20240605-145658-144x256.jpg.webp 144w\" data-sizes=\"(max-width: 1440px) 100vw, 1440px\" src=\"data:image\/svg+xml;base64,PHN2ZyB3aWR0aD0iMSIgaGVpZ2h0PSIxIiB4bWxucz0iaHR0cDovL3d3dy53My5vcmcvMjAwMC9zdmciPjwvc3ZnPg==\" \/><\/figure>\n<\/div>\n\n\n\n<div class=\"wp-block-column has-animation is-layout-flow wp-block-column-is-layout-flow\">\n<div class=\"wp-block-group columns-content-padding is-layout-constrained wp-container-core-group-is-layout-13 wp-block-group-is-layout-constrained\" style=\"padding-right:var(--wp--preset--spacing--60)\">\n<figure class=\"wp-block-image size-large is-resized  animation--right animation--init--once zoom-icon wp-duotone-57c5e6-fff-3\"><img decoding=\"async\" width=\"512\" height=\"512\" data-src=\"https:\/\/www.campinglapinede-banyuls.com\/wp-content\/uploads\/restaurante.svg\" alt=\"\" class=\"wp-image-1186 lazyload\" style=\"--smush-placeholder-width: 512px; --smush-placeholder-aspect-ratio: 512\/512;width:50px\" src=\"data:image\/svg+xml;base64,PHN2ZyB3aWR0aD0iMSIgaGVpZ2h0PSIxIiB4bWxucz0iaHR0cDovL3d3dy53My5vcmcvMjAwMC9zdmciPjwvc3ZnPg==\" \/><\/figure>\n\n\n\n<h2 class=\"wp-block-heading animation--right animation--init--once\">UNSERE DIENSTLEISTUNGEN<\/h2>\n\n\n\n<p><strong>LA CUINE DELS AMICS (DIE K\u00dcCHE DER FREUNDE)<\/strong><br>Auf dem Campingplatz gibt es einen Imbiss namens \u201eLa cuine dels amics\u201c mit seinem Chefkoch Pierre, der Ihnen gerne viele kleine, f\u00fcr die Region typische Gerichte anbietet.<br>Er kann Ihnen auch ein Fr\u00fchst\u00fcck und Brot zubereiten.<\/p>\n\n\n\n<p><strong>DER WASCHSALON<\/strong><br>Zu Ihrer Verf\u00fcgung steht ein Waschsalon mit der M\u00f6glichkeit, eine Waschmaschine und einen Trockner zu benutzen. M\u00fcnzen und Waschmittelpods sind an der Rezeption erh\u00e4ltlich.<\/p>\n\n\n\n<p><strong>SERVICEBEREICH F\u00dcR WOHNMOBILE UND FAHRR\u00c4DER<\/strong><br>Ein Servicebereich f\u00fcr Wohnmobile zum Entleeren und Abpumpen Ihres Abwassers ist kostenlos nutzbar. Au\u00dferdem finden Sie Fahrradst\u00e4nder und auf Anfrage an der Rezeption ein Reparaturset.<br>Der Verleih von Fahrr\u00e4dern ist in der Saison je nach Verf\u00fcgbarkeit m\u00f6glich.<\/p>\n\n\n\n<div class=\"wp-block-group animation--right animation--init--once is-nowrap is-layout-flex wp-container-core-group-is-layout-12 wp-block-group-is-layout-flex\" style=\"margin-top:var(--wp--preset--spacing--60);margin-bottom:var(--wp--preset--spacing--60)\">\n<figure class=\"wp-block-image size-large is-resized wp-duotone-57c5e6-fff-4\"><img decoding=\"async\" width=\"512\" height=\"512\" data-src=\"https:\/\/www.campinglapinede-banyuls.com\/wp-content\/uploads\/wifi-1.svg\" alt=\"\" class=\"wp-image-1182 lazyload\" style=\"--smush-placeholder-width: 512px; --smush-placeholder-aspect-ratio: 512\/512;width:35px\" src=\"data:image\/svg+xml;base64,PHN2ZyB3aWR0aD0iMSIgaGVpZ2h0PSIxIiB4bWxucz0iaHR0cDovL3d3dy53My5vcmcvMjAwMC9zdmciPjwvc3ZnPg==\" \/><\/figure>\n\n\n\n<figure class=\"wp-block-image size-large is-resized wp-duotone-57c5e6-fff-5\"><img decoding=\"async\" width=\"512\" height=\"512\" data-src=\"https:\/\/www.campinglapinede-banyuls.com\/wp-content\/uploads\/ducha.svg\" alt=\"\" class=\"wp-image-888 lazyload\" style=\"--smush-placeholder-width: 512px; --smush-placeholder-aspect-ratio: 512\/512;width:35px\" src=\"data:image\/svg+xml;base64,PHN2ZyB3aWR0aD0iMSIgaGVpZ2h0PSIxIiB4bWxucz0iaHR0cDovL3d3dy53My5vcmcvMjAwMC9zdmciPjwvc3ZnPg==\" \/><\/figure>\n\n\n\n<figure class=\"wp-block-image size-large is-resized wp-duotone-57c5e6-fff-6\"><img decoding=\"async\" width=\"512\" height=\"512\" data-src=\"https:\/\/www.campinglapinede-banyuls.com\/wp-content\/uploads\/bano.svg\" alt=\"\" class=\"wp-image-889 lazyload\" style=\"--smush-placeholder-width: 512px; --smush-placeholder-aspect-ratio: 512\/512;width:35px\" src=\"data:image\/svg+xml;base64,PHN2ZyB3aWR0aD0iMSIgaGVpZ2h0PSIxIiB4bWxucz0iaHR0cDovL3d3dy53My5vcmcvMjAwMC9zdmciPjwvc3ZnPg==\" \/><\/figure>\n\n\n\n<figure class=\"wp-block-image size-large is-resized wp-duotone-57c5e6-fff-7\"><img decoding=\"async\" width=\"512\" height=\"512\" data-src=\"https:\/\/www.campinglapinede-banyuls.com\/wp-content\/uploads\/pmr.svg\" alt=\"\" class=\"wp-image-1184 lazyload\" style=\"--smush-placeholder-width: 512px; --smush-placeholder-aspect-ratio: 512\/512;width:35px\" src=\"data:image\/svg+xml;base64,PHN2ZyB3aWR0aD0iMSIgaGVpZ2h0PSIxIiB4bWxucz0iaHR0cDovL3d3dy53My5vcmcvMjAwMC9zdmciPjwvc3ZnPg==\" \/><\/figure>\n\n\n\n<figure class=\"wp-block-image size-large is-resized wp-duotone-57c5e6-fff-8\"><img decoding=\"async\" width=\"512\" height=\"512\" data-src=\"https:\/\/www.campinglapinede-banyuls.com\/wp-content\/uploads\/restaurante.svg\" alt=\"\" class=\"wp-image-1186 lazyload\" style=\"--smush-placeholder-width: 512px; --smush-placeholder-aspect-ratio: 512\/512;width:35px\" src=\"data:image\/svg+xml;base64,PHN2ZyB3aWR0aD0iMSIgaGVpZ2h0PSIxIiB4bWxucz0iaHR0cDovL3d3dy53My5vcmcvMjAwMC9zdmciPjwvc3ZnPg==\" \/><\/figure>\n\n\n\n<figure class=\"wp-block-image size-large is-resized wp-duotone-57c5e6-fff-9\"><img decoding=\"async\" data-src=\"https:\/\/www.campinglapinede-banyuls.com\/wp-content\/uploads\/lavadora.svg\" alt=\"\" class=\"wp-image-1188 lazyload\" style=\"width:35px\" src=\"data:image\/svg+xml;base64,PHN2ZyB3aWR0aD0iMSIgaGVpZ2h0PSIxIiB4bWxucz0iaHR0cDovL3d3dy53My5vcmcvMjAwMC9zdmciPjwvc3ZnPg==\" \/><\/figure>\n\n\n\n<figure class=\"wp-block-image size-large is-resized wp-duotone-57c5e6-fff-10\"><img decoding=\"async\" width=\"512\" height=\"512\" data-src=\"https:\/\/www.campinglapinede-banyuls.com\/wp-content\/uploads\/mascota.svg\" alt=\"\" class=\"wp-image-892 lazyload\" style=\"--smush-placeholder-width: 512px; --smush-placeholder-aspect-ratio: 512\/512;width:35px\" src=\"data:image\/svg+xml;base64,PHN2ZyB3aWR0aD0iMSIgaGVpZ2h0PSIxIiB4bWxucz0iaHR0cDovL3d3dy53My5vcmcvMjAwMC9zdmciPjwvc3ZnPg==\" \/><\/figure>\n<\/div>\n<\/div>\n<\/div>\n<\/div>\n\n\n\n<div class=\"wp-block-columns alignfull columns-red-2 is-layout-flex wp-container-core-columns-is-layout-3 wp-block-columns-is-layout-flex\" style=\"margin-top:0;margin-bottom:0;padding-top:var(--wp--preset--spacing--60);padding-right:var(--wp--preset--spacing--70);padding-bottom:var(--wp--preset--spacing--60);padding-left:var(--wp--preset--spacing--70)\">\n<div class=\"wp-block-column has-animation is-layout-flow wp-block-column-is-layout-flow\" style=\"padding-right:0\">\n<div class=\"wp-block-group columns-content-padding is-layout-constrained wp-container-core-group-is-layout-15 wp-block-group-is-layout-constrained\" style=\"padding-right:0\">\n<figure class=\"wp-block-image size-large is-resized  animation--left animation--init--once zoom-icon wp-duotone-b60449-fff-11\"><img decoding=\"async\" width=\"512\" height=\"512\" data-src=\"https:\/\/www.campinglapinede-banyuls.com\/wp-content\/uploads\/camping-car.svg\" alt=\"\" class=\"wp-image-872 lazyload\" style=\"--smush-placeholder-width: 512px; --smush-placeholder-aspect-ratio: 512\/512;width:70px\" src=\"data:image\/svg+xml;base64,PHN2ZyB3aWR0aD0iMSIgaGVpZ2h0PSIxIiB4bWxucz0iaHR0cDovL3d3dy53My5vcmcvMjAwMC9zdmciPjwvc3ZnPg==\" \/><\/figure>\n\n\n\n<h2 class=\"wp-block-heading animation--left animation--init--once\">UNSERE AUSSTATTUNGEN<\/h2>\n\n\n\n<p><strong>SPIELE F\u00dcR KINDER UND ERWACHSENE<\/strong><br>Auf dem Campingplatz finden Sie einen Spielplatz f\u00fcr Kinder, die von ihren Eltern beaufsichtigt werden.<\/p>\n\n\n\n<p><strong>UNTERHALTUNG<\/strong><br>Es gibt auch einen Bouleplatz, eine Tischtennisplatte und verschiedene Gesellschaftsspiele, die Sie an der Rezeption ausleihen k\u00f6nnen.<\/p>\n\n\n\n<p><strong>GRATIS WLAN<\/strong><br>Z\u00f6gern Sie nicht, bei Ihrer Ankunft an der Rezeption nach einem kostenlosen WLAN-Code zu fragen. Sie k\u00f6nnen bis zu 3 Ger\u00e4te auf dem gesamten Campingplatz verbinden.<\/p>\n\n\n\n<div class=\"wp-block-group animation--left animation--init--once is-nowrap is-layout-flex wp-container-core-group-is-layout-14 wp-block-group-is-layout-flex\" style=\"margin-top:var(--wp--preset--spacing--60);margin-bottom:var(--wp--preset--spacing--60);padding-top:0;padding-right:0\">\n<figure class=\"wp-block-image size-large is-resized wp-duotone-b60449-fff-12\"><img decoding=\"async\" width=\"512\" height=\"512\" data-src=\"https:\/\/www.campinglapinede-banyuls.com\/wp-content\/uploads\/equipements.svg\" alt=\"\" class=\"wp-image-2410 lazyload\" style=\"--smush-placeholder-width: 512px; --smush-placeholder-aspect-ratio: 512\/512;width:35px\" src=\"data:image\/svg+xml;base64,PHN2ZyB3aWR0aD0iMSIgaGVpZ2h0PSIxIiB4bWxucz0iaHR0cDovL3d3dy53My5vcmcvMjAwMC9zdmciPjwvc3ZnPg==\" \/><\/figure>\n\n\n\n<figure class=\"wp-block-image size-large is-resized wp-duotone-b60449-fff-13\"><img decoding=\"async\" width=\"512\" height=\"512\" data-src=\"https:\/\/www.campinglapinede-banyuls.com\/wp-content\/uploads\/ping-pong.svg\" alt=\"\" class=\"wp-image-1199 lazyload\" style=\"--smush-placeholder-width: 512px; --smush-placeholder-aspect-ratio: 512\/512;width:35px\" src=\"data:image\/svg+xml;base64,PHN2ZyB3aWR0aD0iMSIgaGVpZ2h0PSIxIiB4bWxucz0iaHR0cDovL3d3dy53My5vcmcvMjAwMC9zdmciPjwvc3ZnPg==\" \/><\/figure>\n\n\n\n<figure class=\"wp-block-image size-large is-resized wp-duotone-b60449-fff-14\"><img decoding=\"async\" width=\"512\" height=\"512\" data-src=\"https:\/\/www.campinglapinede-banyuls.com\/wp-content\/uploads\/biblioteca.svg\" alt=\"\" class=\"wp-image-2408 lazyload\" style=\"--smush-placeholder-width: 512px; --smush-placeholder-aspect-ratio: 512\/512;width:35px\" src=\"data:image\/svg+xml;base64,PHN2ZyB3aWR0aD0iMSIgaGVpZ2h0PSIxIiB4bWxucz0iaHR0cDovL3d3dy53My5vcmcvMjAwMC9zdmciPjwvc3ZnPg==\" \/><\/figure>\n\n\n\n<figure class=\"wp-block-image size-large is-resized wp-duotone-b60449-fff-15\"><img decoding=\"async\" width=\"512\" height=\"512\" data-src=\"https:\/\/www.campinglapinede-banyuls.com\/wp-content\/uploads\/planchar.svg\" alt=\"\" class=\"wp-image-1201 lazyload\" style=\"--smush-placeholder-width: 512px; --smush-placeholder-aspect-ratio: 512\/512;width:35px\" src=\"data:image\/svg+xml;base64,PHN2ZyB3aWR0aD0iMSIgaGVpZ2h0PSIxIiB4bWxucz0iaHR0cDovL3d3dy53My5vcmcvMjAwMC9zdmciPjwvc3ZnPg==\" \/><\/figure>\n\n\n\n<figure class=\"wp-block-image size-large is-resized wp-duotone-b60449-fff-16\"><img decoding=\"async\" width=\"512\" height=\"512\" data-src=\"https:\/\/www.campinglapinede-banyuls.com\/wp-content\/uploads\/enchufe-y-enchufe.svg\" alt=\"\" class=\"wp-image-896 lazyload\" style=\"--smush-placeholder-width: 512px; --smush-placeholder-aspect-ratio: 512\/512;width:50px\" src=\"data:image\/svg+xml;base64,PHN2ZyB3aWR0aD0iMSIgaGVpZ2h0PSIxIiB4bWxucz0iaHR0cDovL3d3dy53My5vcmcvMjAwMC9zdmciPjwvc3ZnPg==\" \/><\/figure>\n\n\n\n<figure class=\"wp-block-image size-large is-resized wp-duotone-b60449-fff-17\"><img decoding=\"async\" width=\"512\" height=\"512\" data-src=\"https:\/\/www.campinglapinede-banyuls.com\/wp-content\/uploads\/grifo-de-agua.svg\" alt=\"\" class=\"wp-image-897 lazyload\" style=\"--smush-placeholder-width: 512px; --smush-placeholder-aspect-ratio: 512\/512;width:50px\" src=\"data:image\/svg+xml;base64,PHN2ZyB3aWR0aD0iMSIgaGVpZ2h0PSIxIiB4bWxucz0iaHR0cDovL3d3dy53My5vcmcvMjAwMC9zdmciPjwvc3ZnPg==\" \/><\/figure>\n<\/div>\n<\/div>\n<\/div>\n\n\n\n<div class=\"wp-block-column is-layout-flow wp-block-column-is-layout-flow\">\n<figure class=\"wp-block-image size-full has-custom-border animation--right animation--init--once\"><img decoding=\"async\" width=\"2560\" height=\"1920\" data-src=\"https:\/\/www.campinglapinede-banyuls.com\/wp-content\/smush-webp\/img-2288-scaled.jpg.webp\" alt=\"\" class=\"wp-image-3890 lazyload\" style=\"--smush-placeholder-width: 2560px; --smush-placeholder-aspect-ratio: 2560\/1920;border-radius:20px\" data-srcset=\"https:\/\/www.campinglapinede-banyuls.com\/wp-content\/smush-webp\/img-2288-scaled.jpg.webp 2560w, https:\/\/www.campinglapinede-banyuls.com\/wp-content\/smush-webp\/img-2288-1024x768.jpg.webp 1024w, https:\/\/www.campinglapinede-banyuls.com\/wp-content\/smush-webp\/img-2288-2048x1536.jpg.webp 2048w, https:\/\/www.campinglapinede-banyuls.com\/wp-content\/smush-webp\/img-2288-768x576.jpg.webp 768w, https:\/\/www.campinglapinede-banyuls.com\/wp-content\/smush-webp\/img-2288-1536x1152.jpg.webp 1536w, https:\/\/www.campinglapinede-banyuls.com\/wp-content\/smush-webp\/img-2288-512x384.jpg.webp 512w, https:\/\/www.campinglapinede-banyuls.com\/wp-content\/smush-webp\/img-2288-256x192.jpg.webp 256w\" data-sizes=\"(max-width: 2560px) 100vw, 2560px\" src=\"data:image\/svg+xml;base64,PHN2ZyB3aWR0aD0iMSIgaGVpZ2h0PSIxIiB4bWxucz0iaHR0cDovL3d3dy53My5vcmcvMjAwMC9zdmciPjwvc3ZnPg==\" \/><\/figure>\n<\/div>\n<\/div>\n<\/div>\n\n\n\n<div class=\"wp-block-group alignfull oh is-layout-constrained wp-block-group-is-layout-constrained\" style=\"margin-top:0;margin-bottom:0\">\n<figure class=\"wp-block-image alignfull size-large wp-duotone-e7f7fc-fff-18\"><img decoding=\"async\" data-src=\"https:\/\/www.campinglapinede-banyuls.com\/wp-content\/uploads\/olas.svg\" alt=\"\" class=\"wp-image-965 lazyload\" src=\"data:image\/svg+xml;base64,PHN2ZyB3aWR0aD0iMSIgaGVpZ2h0PSIxIiB4bWxucz0iaHR0cDovL3d3dy53My5vcmcvMjAwMC9zdmciPjwvc3ZnPg==\" \/><\/figure>\n<\/div>\n\n\n\n<div class=\"wp-block-group alignfull oh has-theme-blue-light-background-color has-background is-layout-flow wp-container-core-group-is-layout-23 wp-block-group-is-layout-flow\" style=\"margin-top:0;margin-bottom:0;padding-top:0;padding-right:0;padding-bottom:var(--wp--preset--spacing--80);padding-left:0\">\n<div class=\"wp-block-group has-animation is-layout-constrained wp-block-group-is-layout-constrained\" style=\"margin-bottom:var(--wp--preset--spacing--80)\">\n<h2 class=\"wp-block-heading has-text-align-center animation--top animation--init--once\">BESUCHEN SIE DIE REGION<br><mark style=\"background-color:rgba(0, 0, 0, 0)\" class=\"has-inline-color has-theme-blue-color\">OKZITANIEN<\/mark><\/h2>\n\n\n\n<figure class=\"wp-block-image aligncenter size-large is-resized  animation--top animation--init--once\"><img decoding=\"async\" width=\"1521\" height=\"236\" data-src=\"https:\/\/www.campinglapinede-banyuls.com\/wp-content\/uploads\/trazo-titulos-cut-01.svg\" alt=\"\" class=\"wp-image-996 lazyload\" style=\"--smush-placeholder-width: 1521px; --smush-placeholder-aspect-ratio: 1521\/236;width:150px;height:23px\" src=\"data:image\/svg+xml;base64,PHN2ZyB3aWR0aD0iMSIgaGVpZ2h0PSIxIiB4bWxucz0iaHR0cDovL3d3dy53My5vcmcvMjAwMC9zdmciPjwvc3ZnPg==\" \/><\/figure>\n<\/div>\n\n\n\n<div class=\"wp-block-slider block-slider-home has-animation cols-2 has-custom-padding has-custom-margin\" style=\"padding-right:var:preset|spacing|80;padding-left:var:preset|spacing|80;margin-top:var:preset|spacing|80;\">\n    <div class=\"block-slider-splide splide\" id=\"block_slide_9887\">\n        <div class=\"splide__track\">\n                <div class=\"acf-innerblocks-container\">\n\n<div class=\"wp-block-group has-theme-white-color has-theme-grey-background-color has-text-color has-background is-layout-constrained wp-container-core-group-is-layout-20 wp-block-group-is-layout-constrained\">\n<div class=\"wp-block-cover alignfull animation--left animation--init--once is-style-default\"><span aria-hidden=\"true\" class=\"wp-block-cover__background has-background-dim\"><\/span><img decoding=\"async\" width=\"595\" height=\"550\" class=\"wp-block-cover__image-background wp-image-879 lazyload\" alt=\"\" data-src=\"https:\/\/www.campinglapinede-banyuls.com\/wp-content\/uploads\/activites-1.jpg\" data-object-fit=\"cover\" data-srcset=\"https:\/\/www.campinglapinede-banyuls.com\/wp-content\/uploads\/activites-1.jpg 595w, https:\/\/www.campinglapinede-banyuls.com\/wp-content\/smush-webp\/activites-1-512x473.jpg.webp 512w, https:\/\/www.campinglapinede-banyuls.com\/wp-content\/smush-webp\/activites-1-256x237.jpg.webp 256w\" data-sizes=\"(max-width: 595px) 100vw, 595px\" src=\"data:image\/svg+xml;base64,PHN2ZyB3aWR0aD0iMSIgaGVpZ2h0PSIxIiB4bWxucz0iaHR0cDovL3d3dy53My5vcmcvMjAwMC9zdmciPjwvc3ZnPg==\" style=\"--smush-placeholder-width: 595px; --smush-placeholder-aspect-ratio: 595\/550;\" \/><div class=\"wp-block-cover__inner-container is-layout-flow wp-block-cover-is-layout-flow\">\n<p class=\"has-text-align-center animation--left animation--init--once has-large-font-size\">AKTIVIT\u00c4TEN IN DER REGION<\/p>\n<\/div><\/div>\n\n\n\n<div class=\"wp-block-cover alignfull slide-block-hover\" style=\"padding-top:0;padding-right:0;padding-bottom:0;padding-left:0\"><span aria-hidden=\"true\" class=\"wp-block-cover__background has-background-dim-0 has-background-dim\"><\/span><img decoding=\"async\" width=\"895\" height=\"651\" class=\"wp-block-cover__image-background wp-image-1209 lazyload\" alt=\"\" data-src=\"https:\/\/www.campinglapinede-banyuls.com\/wp-content\/uploads\/activites-2.jpg\" data-object-fit=\"cover\" data-srcset=\"https:\/\/www.campinglapinede-banyuls.com\/wp-content\/uploads\/activites-2.jpg 895w, https:\/\/www.campinglapinede-banyuls.com\/wp-content\/smush-webp\/activites-2-768x559.jpg.webp 768w, https:\/\/www.campinglapinede-banyuls.com\/wp-content\/smush-webp\/activites-2-512x372.jpg.webp 512w, https:\/\/www.campinglapinede-banyuls.com\/wp-content\/smush-webp\/activites-2-256x186.jpg.webp 256w\" data-sizes=\"(max-width: 895px) 100vw, 895px\" src=\"data:image\/svg+xml;base64,PHN2ZyB3aWR0aD0iMSIgaGVpZ2h0PSIxIiB4bWxucz0iaHR0cDovL3d3dy53My5vcmcvMjAwMC9zdmciPjwvc3ZnPg==\" style=\"--smush-placeholder-width: 895px; --smush-placeholder-aspect-ratio: 895\/651;\" \/><div class=\"wp-block-cover__inner-container is-layout-flow wp-block-cover-is-layout-flow\">\n<div class=\"wp-block-group alignfull is-layout-constrained wp-block-group-is-layout-constrained\">\n<p class=\"has-text-align-center blocks-titre-hover has-large-font-size\" style=\"margin-top:0;margin-right:0;margin-bottom:0;margin-left:0\">AKTIVIT\u00c4TEN IN DER REGION<\/p>\n\n\n\n<p class=\"has-text-align-center\" style=\"margin-top:0;margin-right:0;margin-bottom:0;margin-left:0;font-size:14px\">Wanderungen, Mountainbiketouren, Reitausfl\u00fcge, Weinwanderungen, Tauchen, Meereskajak, Tennis, Tischtennis, Ausfl\u00fcge auf dem Meer, Regatten, Segeln, Windsurfkurse, Jetski, Bootsverleih mit oder ohne F\u00fchrerschein<\/p>\n\n\n\n<div class=\"wp-block-buttons button-blue-border is-content-justification-center is-layout-flex wp-container-core-buttons-is-layout-1 wp-block-buttons-is-layout-flex\">\n<div class=\"wp-block-button button-white-border\"><a class=\"wp-block-button__link wp-element-button\" href=\"https:\/\/www.campinglapinede-banyuls.com\/de\/die-stadt\/\" style=\"border-radius:50px\">ENTDECKEN<\/a><\/div>\n<\/div>\n<\/div>\n\n\n\n<figure class=\"wp-block-image alignfull size-large has-custom-border waves-botom wp-duotone-e7f7fc-fff-19\"><img decoding=\"async\" data-src=\"https:\/\/www.campinglapinede-banyuls.com\/wp-content\/uploads\/olas-1.svg\" alt=\"\" class=\"wp-image-1427 lazyload\" style=\"border-radius:100px\" src=\"data:image\/svg+xml;base64,PHN2ZyB3aWR0aD0iMSIgaGVpZ2h0PSIxIiB4bWxucz0iaHR0cDovL3d3dy53My5vcmcvMjAwMC9zdmciPjwvc3ZnPg==\" \/><\/figure>\n<\/div><\/div>\n<\/div>\n\n\n\n<div class=\"wp-block-group has-theme-white-color has-theme-grey-background-color has-text-color has-background is-layout-constrained wp-container-core-group-is-layout-22 wp-block-group-is-layout-constrained\">\n<div class=\"wp-block-cover alignfull is-light animation--left animation--init--once\"><span aria-hidden=\"true\" class=\"wp-block-cover__background has-background-dim\"><\/span><img decoding=\"async\" width=\"595\" height=\"550\" class=\"wp-block-cover__image-background wp-image-881 lazyload\" alt=\"\" data-src=\"https:\/\/www.campinglapinede-banyuls.com\/wp-content\/uploads\/animations.jpg\" data-object-fit=\"cover\" data-srcset=\"https:\/\/www.campinglapinede-banyuls.com\/wp-content\/uploads\/animations.jpg 595w, https:\/\/www.campinglapinede-banyuls.com\/wp-content\/smush-webp\/animations-512x473.jpg.webp 512w, https:\/\/www.campinglapinede-banyuls.com\/wp-content\/smush-webp\/animations-256x237.jpg.webp 256w\" data-sizes=\"(max-width: 595px) 100vw, 595px\" src=\"data:image\/svg+xml;base64,PHN2ZyB3aWR0aD0iMSIgaGVpZ2h0PSIxIiB4bWxucz0iaHR0cDovL3d3dy53My5vcmcvMjAwMC9zdmciPjwvc3ZnPg==\" style=\"--smush-placeholder-width: 595px; --smush-placeholder-aspect-ratio: 595\/550;\" \/><div class=\"wp-block-cover__inner-container is-layout-flow wp-block-cover-is-layout-flow\">\n<p class=\"has-text-align-center animation--left animation--init--once has-theme-white-color has-text-color has-large-font-size\">UNTERHALTUNG IN DER REGION<\/p>\n<\/div><\/div>\n\n\n\n<div class=\"wp-block-cover alignfull is-light slide-block-hover\" style=\"padding-top:0;padding-right:0;padding-bottom:0;padding-left:0\"><span aria-hidden=\"true\" class=\"wp-block-cover__background has-background-dim-0 has-background-dim\"><\/span><img decoding=\"async\" width=\"595\" height=\"550\" class=\"wp-block-cover__image-background wp-image-881 lazyload\" alt=\"\" data-src=\"https:\/\/www.campinglapinede-banyuls.com\/wp-content\/uploads\/animations.jpg\" data-object-fit=\"cover\" data-srcset=\"https:\/\/www.campinglapinede-banyuls.com\/wp-content\/uploads\/animations.jpg 595w, https:\/\/www.campinglapinede-banyuls.com\/wp-content\/smush-webp\/animations-512x473.jpg.webp 512w, https:\/\/www.campinglapinede-banyuls.com\/wp-content\/smush-webp\/animations-256x237.jpg.webp 256w\" data-sizes=\"(max-width: 595px) 100vw, 595px\" src=\"data:image\/svg+xml;base64,PHN2ZyB3aWR0aD0iMSIgaGVpZ2h0PSIxIiB4bWxucz0iaHR0cDovL3d3dy53My5vcmcvMjAwMC9zdmciPjwvc3ZnPg==\" style=\"--smush-placeholder-width: 595px; --smush-placeholder-aspect-ratio: 595\/550;\" \/><div class=\"wp-block-cover__inner-container is-layout-flow wp-block-cover-is-layout-flow\">\n<div class=\"wp-block-group alignfull is-layout-constrained wp-block-group-is-layout-constrained\">\n<p class=\"has-text-align-center blocks-titre-hover has-theme-white-color has-text-color has-large-font-size\" style=\"margin-top:0;margin-right:0;margin-bottom:0;margin-left:0\">UNTERHALTUNG IN DER REGION<\/p>\n\n\n\n<p class=\"has-text-align-center has-theme-white-color has-text-color\" style=\"margin-top:0;margin-right:0;margin-bottom:0;margin-left:0;font-size:14px\">F\u00eate Catalane,<br>F\u00eate du Puig del mas,<br>Festa Major de Banyuls<\/p>\n\n\n\n<div class=\"wp-block-buttons button-blue-border is-content-justification-center is-layout-flex wp-container-core-buttons-is-layout-2 wp-block-buttons-is-layout-flex\">\n<div class=\"wp-block-button button-white-border\"><a class=\"wp-block-button__link wp-element-button\" href=\"https:\/\/www.campinglapinede-banyuls.com\/de\/die-stadt\/\" style=\"border-radius:50px\">ENTDECKEN<\/a><\/div>\n<\/div>\n<\/div>\n\n\n\n<figure class=\"wp-block-image alignfull size-large has-custom-border waves-botom wp-duotone-e7f7fc-fff-20\"><img decoding=\"async\" data-src=\"https:\/\/www.campinglapinede-banyuls.com\/wp-content\/uploads\/olas-1.svg\" alt=\"\" class=\"wp-image-1427 lazyload\" style=\"border-radius:100px\" src=\"data:image\/svg+xml;base64,PHN2ZyB3aWR0aD0iMSIgaGVpZ2h0PSIxIiB4bWxucz0iaHR0cDovL3d3dy53My5vcmcvMjAwMC9zdmciPjwvc3ZnPg==\" \/><\/figure>\n<\/div><\/div>\n<\/div>\n\n<\/div>        <\/div>\n    <\/div>\n<\/div>\n    <script>\n        'use strict';\n\n        document.addEventListener('DOMContentLoaded', function () {\n\n            (function() {\n                const blockSlide = new Splide( '#block_slide_9887', {\n                    type : 'loop',\n                    perPage: 2,\n                                        \n                    breakpoints: {\n                        800: {\n                            perPage: 2,\n                                                    },\n                        450: {\n                            perPage: 1,\n                            \n                        },\n                    },\n                    pagination: true,\n                    arrows: true,\n                    gap: 'var(--wp--style--block-gap)',\n                    i18n: {\n                        slideLabel: '%s \/ %s',\n                    }\n                } );\n                \n                blockSlide.mount();\n            })();\n        })\n    <\/script>\n<\/div>\n","protected":false},"excerpt":{"rendered":"<p>Entdecken Sie den st\u00e4dtischen Campingplatz La Pin\u00e8de in Banyuls in der Region Okzitanien sowie seine Dienstleistungen und Ausstattung.<\/p>\n","protected":false},"author":3,"featured_media":0,"parent":0,"menu_order":1,"comment_status":"closed","ping_status":"closed","template":"","meta":{"_acf_changed":false,"inline_featured_image":false,"ub_ctt_via":"","footnotes":""},"class_list":["post-3414","page","type-page","status-publish","hentry"],"acf":[],"featured_image_src":null,"yoast_head":"<!-- This site is optimized with the Yoast SEO plugin v24.0 - https:\/\/yoast.com\/wordpress\/plugins\/seo\/ -->\n<title>Der Campingplatz - St\u00e4dtischer Campingplatz La Pin\u00e8de<\/title>\n<meta name=\"description\" content=\"Entdecken Sie den st\u00e4dtischen Campingplatz La Pin\u00e8de in Banyuls in der Region Okzitanien sowie seine Dienstleistungen und Ausstattung.\" \/>\n<meta name=\"robots\" content=\"index, follow, max-snippet:-1, max-image-preview:large, max-video-preview:-1\" \/>\n<link rel=\"canonical\" href=\"https:\/\/www.campinglapinede-banyuls.com\/de\/camping\/\" \/>\n<meta property=\"og:locale\" content=\"de_DE\" \/>\n<meta property=\"og:type\" content=\"article\" \/>\n<meta property=\"og:title\" content=\"Der Campingplatz - St\u00e4dtischer Campingplatz La Pin\u00e8de\" \/>\n<meta property=\"og:description\" content=\"Entdecken Sie den st\u00e4dtischen Campingplatz La Pin\u00e8de in Banyuls in der Region Okzitanien sowie seine Dienstleistungen und Ausstattung.\" \/>\n<meta property=\"og:url\" content=\"https:\/\/www.campinglapinede-banyuls.com\/de\/camping\/\" \/>\n<meta property=\"og:site_name\" content=\"Camping Pin\u00e8de Banyuls\" \/>\n<meta property=\"article:modified_time\" content=\"2024-06-05T14:29:03+00:00\" \/>\n<meta property=\"og:image\" content=\"https:\/\/www.campinglapinede-banyuls.com\/wp-content\/uploads\/camping-16-05-14-35.jpg\" \/>\n<meta name=\"twitter:card\" content=\"summary_large_image\" \/>\n<meta name=\"twitter:label1\" content=\"Gesch\u00e4tzte Lesezeit\" \/>\n\t<meta name=\"twitter:data1\" content=\"26\u00a0Minuten\" \/>\n<script type=\"application\/ld+json\" class=\"yoast-schema-graph\">{\"@context\":\"https:\/\/schema.org\",\"@graph\":[{\"@type\":\"WebPage\",\"@id\":\"https:\/\/www.campinglapinede-banyuls.com\/de\/camping\/\",\"url\":\"https:\/\/www.campinglapinede-banyuls.com\/de\/camping\/\",\"name\":\"Der Campingplatz - St\u00e4dtischer Campingplatz La Pin\u00e8de\",\"isPartOf\":{\"@id\":\"https:\/\/www.campinglapinede-banyuls.com\/#website\"},\"primaryImageOfPage\":{\"@id\":\"https:\/\/www.campinglapinede-banyuls.com\/de\/camping\/#primaryimage\"},\"image\":{\"@id\":\"https:\/\/www.campinglapinede-banyuls.com\/de\/camping\/#primaryimage\"},\"thumbnailUrl\":\"https:\/\/www.campinglapinede-banyuls.com\/wp-content\/uploads\/camping-16-05-14-35.jpg\",\"datePublished\":\"2023-04-28T07:18:00+00:00\",\"dateModified\":\"2024-06-05T14:29:03+00:00\",\"description\":\"Entdecken Sie den st\u00e4dtischen Campingplatz La Pin\u00e8de in Banyuls in der Region Okzitanien sowie seine Dienstleistungen und Ausstattung.\",\"breadcrumb\":{\"@id\":\"https:\/\/www.campinglapinede-banyuls.com\/de\/camping\/#breadcrumb\"},\"inLanguage\":\"de\",\"potentialAction\":[{\"@type\":\"ReadAction\",\"target\":[\"https:\/\/www.campinglapinede-banyuls.com\/de\/camping\/\"]}]},{\"@type\":\"ImageObject\",\"inLanguage\":\"de\",\"@id\":\"https:\/\/www.campinglapinede-banyuls.com\/de\/camping\/#primaryimage\",\"url\":\"https:\/\/www.campinglapinede-banyuls.com\/wp-content\/uploads\/camping-16-05-14-35.jpg\",\"contentUrl\":\"https:\/\/www.campinglapinede-banyuls.com\/wp-content\/uploads\/camping-16-05-14-35.jpg\"},{\"@type\":\"BreadcrumbList\",\"@id\":\"https:\/\/www.campinglapinede-banyuls.com\/de\/camping\/#breadcrumb\",\"itemListElement\":[{\"@type\":\"ListItem\",\"position\":1,\"name\":\"Portada\",\"item\":\"https:\/\/www.campinglapinede-banyuls.com\/de\/\"},{\"@type\":\"ListItem\",\"position\":2,\"name\":\"Camping\"}]},{\"@type\":\"WebSite\",\"@id\":\"https:\/\/www.campinglapinede-banyuls.com\/#website\",\"url\":\"https:\/\/www.campinglapinede-banyuls.com\/\",\"name\":\"Pin\u00e8de Banyuls\",\"description\":\"\",\"publisher\":{\"@id\":\"https:\/\/www.campinglapinede-banyuls.com\/#organization\"},\"potentialAction\":[{\"@type\":\"SearchAction\",\"target\":{\"@type\":\"EntryPoint\",\"urlTemplate\":\"https:\/\/www.campinglapinede-banyuls.com\/?s={search_term_string}\"},\"query-input\":{\"@type\":\"PropertyValueSpecification\",\"valueRequired\":true,\"valueName\":\"search_term_string\"}}],\"inLanguage\":\"de\"},{\"@type\":\"Organization\",\"@id\":\"https:\/\/www.campinglapinede-banyuls.com\/#organization\",\"name\":\"Pin\u00e8de Banyuls\",\"url\":\"https:\/\/www.campinglapinede-banyuls.com\/\",\"logo\":{\"@type\":\"ImageObject\",\"inLanguage\":\"de\",\"@id\":\"https:\/\/www.campinglapinede-banyuls.com\/#\/schema\/logo\/image\/\",\"url\":\"https:\/\/www.campinglapinede-banyuls.com\/wp-content\/uploads\/cropped-logo-pinede-banyuls.png\",\"contentUrl\":\"https:\/\/www.campinglapinede-banyuls.com\/wp-content\/uploads\/cropped-logo-pinede-banyuls.png\",\"width\":332,\"height\":152,\"caption\":\"Pin\u00e8de Banyuls\"},\"image\":{\"@id\":\"https:\/\/www.campinglapinede-banyuls.com\/#\/schema\/logo\/image\/\"}}]}<\/script>\n<!-- \/ Yoast SEO plugin. -->","yoast_head_json":{"title":"Der Campingplatz - St\u00e4dtischer Campingplatz La Pin\u00e8de","description":"Entdecken Sie den st\u00e4dtischen Campingplatz La Pin\u00e8de in Banyuls in der Region Okzitanien sowie seine Dienstleistungen und Ausstattung.","robots":{"index":"index","follow":"follow","max-snippet":"max-snippet:-1","max-image-preview":"max-image-preview:large","max-video-preview":"max-video-preview:-1"},"canonical":"https:\/\/www.campinglapinede-banyuls.com\/de\/camping\/","og_locale":"de_DE","og_type":"article","og_title":"Der Campingplatz - St\u00e4dtischer Campingplatz La Pin\u00e8de","og_description":"Entdecken Sie den st\u00e4dtischen Campingplatz La Pin\u00e8de in Banyuls in der Region Okzitanien sowie seine Dienstleistungen und Ausstattung.","og_url":"https:\/\/www.campinglapinede-banyuls.com\/de\/camping\/","og_site_name":"Camping Pin\u00e8de Banyuls","article_modified_time":"2024-06-05T14:29:03+00:00","og_image":[{"url":"https:\/\/www.campinglapinede-banyuls.com\/wp-content\/uploads\/camping-16-05-14-35.jpg","type":"","width":"","height":""}],"twitter_card":"summary_large_image","twitter_misc":{"Gesch\u00e4tzte Lesezeit":"26\u00a0Minuten"},"schema":{"@context":"https:\/\/schema.org","@graph":[{"@type":"WebPage","@id":"https:\/\/www.campinglapinede-banyuls.com\/de\/camping\/","url":"https:\/\/www.campinglapinede-banyuls.com\/de\/camping\/","name":"Der Campingplatz - St\u00e4dtischer Campingplatz La Pin\u00e8de","isPartOf":{"@id":"https:\/\/www.campinglapinede-banyuls.com\/#website"},"primaryImageOfPage":{"@id":"https:\/\/www.campinglapinede-banyuls.com\/de\/camping\/#primaryimage"},"image":{"@id":"https:\/\/www.campinglapinede-banyuls.com\/de\/camping\/#primaryimage"},"thumbnailUrl":"https:\/\/www.campinglapinede-banyuls.com\/wp-content\/uploads\/camping-16-05-14-35.jpg","datePublished":"2023-04-28T07:18:00+00:00","dateModified":"2024-06-05T14:29:03+00:00","description":"Entdecken Sie den st\u00e4dtischen Campingplatz La Pin\u00e8de in Banyuls in der Region Okzitanien sowie seine Dienstleistungen und Ausstattung.","breadcrumb":{"@id":"https:\/\/www.campinglapinede-banyuls.com\/de\/camping\/#breadcrumb"},"inLanguage":"de","potentialAction":[{"@type":"ReadAction","target":["https:\/\/www.campinglapinede-banyuls.com\/de\/camping\/"]}]},{"@type":"ImageObject","inLanguage":"de","@id":"https:\/\/www.campinglapinede-banyuls.com\/de\/camping\/#primaryimage","url":"https:\/\/www.campinglapinede-banyuls.com\/wp-content\/uploads\/camping-16-05-14-35.jpg","contentUrl":"https:\/\/www.campinglapinede-banyuls.com\/wp-content\/uploads\/camping-16-05-14-35.jpg"},{"@type":"BreadcrumbList","@id":"https:\/\/www.campinglapinede-banyuls.com\/de\/camping\/#breadcrumb","itemListElement":[{"@type":"ListItem","position":1,"name":"Portada","item":"https:\/\/www.campinglapinede-banyuls.com\/de\/"},{"@type":"ListItem","position":2,"name":"Camping"}]},{"@type":"WebSite","@id":"https:\/\/www.campinglapinede-banyuls.com\/#website","url":"https:\/\/www.campinglapinede-banyuls.com\/","name":"Pin\u00e8de Banyuls","description":"","publisher":{"@id":"https:\/\/www.campinglapinede-banyuls.com\/#organization"},"potentialAction":[{"@type":"SearchAction","target":{"@type":"EntryPoint","urlTemplate":"https:\/\/www.campinglapinede-banyuls.com\/?s={search_term_string}"},"query-input":{"@type":"PropertyValueSpecification","valueRequired":true,"valueName":"search_term_string"}}],"inLanguage":"de"},{"@type":"Organization","@id":"https:\/\/www.campinglapinede-banyuls.com\/#organization","name":"Pin\u00e8de Banyuls","url":"https:\/\/www.campinglapinede-banyuls.com\/","logo":{"@type":"ImageObject","inLanguage":"de","@id":"https:\/\/www.campinglapinede-banyuls.com\/#\/schema\/logo\/image\/","url":"https:\/\/www.campinglapinede-banyuls.com\/wp-content\/uploads\/cropped-logo-pinede-banyuls.png","contentUrl":"https:\/\/www.campinglapinede-banyuls.com\/wp-content\/uploads\/cropped-logo-pinede-banyuls.png","width":332,"height":152,"caption":"Pin\u00e8de Banyuls"},"image":{"@id":"https:\/\/www.campinglapinede-banyuls.com\/#\/schema\/logo\/image\/"}}]}},"_links":{"self":[{"href":"https:\/\/www.campinglapinede-banyuls.com\/de\/wp-json\/wp\/v2\/pages\/3414"}],"collection":[{"href":"https:\/\/www.campinglapinede-banyuls.com\/de\/wp-json\/wp\/v2\/pages"}],"about":[{"href":"https:\/\/www.campinglapinede-banyuls.com\/de\/wp-json\/wp\/v2\/types\/page"}],"author":[{"embeddable":true,"href":"https:\/\/www.campinglapinede-banyuls.com\/de\/wp-json\/wp\/v2\/users\/3"}],"replies":[{"embeddable":true,"href":"https:\/\/www.campinglapinede-banyuls.com\/de\/wp-json\/wp\/v2\/comments?post=3414"}],"version-history":[{"count":0,"href":"https:\/\/www.campinglapinede-banyuls.com\/de\/wp-json\/wp\/v2\/pages\/3414\/revisions"}],"wp:attachment":[{"href":"https:\/\/www.campinglapinede-banyuls.com\/de\/wp-json\/wp\/v2\/media?parent=3414"}],"curies":[{"name":"wp","href":"https:\/\/api.w.org\/{rel}","templated":true}]}}